{"id":11737,"date":"2021-12-20T13:13:34","date_gmt":"2021-12-20T13:13:34","guid":{"rendered":"https:\/\/nfunb.org\/wordpress\/a-propos-de-l-unf-nb\/the-farmers-of-the-nfu-nb\/"},"modified":"2023-05-31T17:18:00","modified_gmt":"2023-05-31T21:18:00","slug":"les-fermiers-de-l-unf-nb","status":"publish","type":"page","link":"https:\/\/www.nfunb.org\/fr\/a-propos-de-l-unf-nb\/les-fermiers-de-l-unf-nb\/","title":{"rendered":"Les Fermiers de l&rsquo;UNF-NB"},"content":{"rendered":"<div class=\"wpb-content-wrapper\"><p>[vc_row css=\u00a0\u00bb.vc_custom_1481788607477{padding-top: 30px !important;padding-bottom: 100px !important;}\u00a0\u00bb][vc_column]<div class='dt-sc-section-title aligncenter  '><h2><span>Une s\u00e9rie c\u00e9l\u00e9brant<\/span> la diversit\u00e9 des membres fermiers\/fermi\u00e8res de l'UNF au N-B<\/h2><p>Si vous \u00eates un.e membre fermier\/fermi\u00e8re de l'UNF au N-B et vous souhaitez partager votre histoire, veuillez contacter Suzanne info@nfunb.org.<\/p><\/div>[vc_row_inner equal_height=\u00a0\u00bbyes\u00a0\u00bb content_placement=\u00a0\u00bbtop\u00a0\u00bb][vc_column_inner width=\u00a0\u00bb2\/3&Prime;]<div class='tpl-blog-holder '><div class='column dt-sc-one-column blog-fullwidth first'><article id=\"post-13318\" class=\"blog-entry default post-13318 post type-post status-publish format-standard has-post-thumbnail hentry category-fermier-vedette \"><div class=\"entry-thumb\">\t<a href=\"https:\/\/www.nfunb.org\/fr\/rencontrez-edee\/\"><img loading=\"lazy\" decoding=\"async\" width=\"2560\" height=\"1621\" src=\"https:\/\/www.nfunb.org\/wp-content\/uploads\/2024\/01\/Edee-with-sign-scaled.jpg\" class=\"attachment-full size-full wp-post-image\" alt=\"\" srcset=\"https:\/\/www.nfunb.org\/wp-content\/uploads\/2024\/01\/Edee-with-sign-scaled.jpg 2560w, https:\/\/www.nfunb.org\/wp-content\/uploads\/2024\/01\/Edee-with-sign-300x190.jpg 300w, https:\/\/www.nfunb.org\/wp-content\/uploads\/2024\/01\/Edee-with-sign-1024x648.jpg 1024w, https:\/\/www.nfunb.org\/wp-content\/uploads\/2024\/01\/Edee-with-sign-1536x973.jpg 1536w, https:\/\/www.nfunb.org\/wp-content\/uploads\/2024\/01\/Edee-with-sign-2048x1297.jpg 2048w\" sizes=\"auto, (max-width: 2560px) 100vw, 2560px\" \/><\/a>\t<div class=\"entry-format \">\t\t<a class=\"ico-format\" href=\"\"><\/a>\t<\/div><\/div><div class=\"entry-details\">\t<div class=\"entry-title\">\t\t<h4><a href=\"https:\/\/www.nfunb.org\/fr\/rencontrez-edee\/\">Rencontrez Edee<\/a><\/h4>\t<\/div>\t<div class=\"entry-meta \">\t\t<div class=\"date \">Jan 30, 2024\t\t<\/div>\t<\/div><div class=\"entry-body\"><p>Bonjour,\u00a0  Je suis Edee, co-cr\u00e9atrice de Hayes Farm et copr\u00e9sidente de \u00ab NB Community Harvest Gardens.\u00bb Hayes Farm est une ferme d&rsquo;enseignement qui a une histoire et des racines <\/p><\/div><a href=\"https:\/\/www.nfunb.org\/fr\/rencontrez-edee\/\" target='_self' title='' class='dt-sc-button   small icon-right with-icon  filled  type1' > En lire plus <span class='fa fa-long-arrow-right'> <\/span><\/a><\/div><\/article><\/div><div class='column dt-sc-one-column blog-fullwidth first'><article id=\"post-13268\" class=\"blog-entry default post-13268 post type-post status-publish format-standard has-post-thumbnail hentry category-fermier-vedette \"><div class=\"entry-thumb\">\t<a href=\"https:\/\/www.nfunb.org\/fr\/rencontrez-amanda\/\"><img loading=\"lazy\" decoding=\"async\" width=\"828\" height=\"817\" src=\"https:\/\/www.nfunb.org\/wp-content\/uploads\/2023\/10\/image7.jpeg\" class=\"attachment-full size-full wp-post-image\" alt=\"\" srcset=\"https:\/\/www.nfunb.org\/wp-content\/uploads\/2023\/10\/image7.jpeg 828w, https:\/\/www.nfunb.org\/wp-content\/uploads\/2023\/10\/image7-300x296.jpeg 300w\" sizes=\"auto, (max-width: 828px) 100vw, 828px\" \/><\/a>\t<div class=\"entry-format \">\t\t<a class=\"ico-format\" href=\"\"><\/a>\t<\/div><\/div><div class=\"entry-details\">\t<div class=\"entry-title\">\t\t<h4><a href=\"https:\/\/www.nfunb.org\/fr\/rencontrez-amanda\/\">Rencontrez Amanda<\/a><\/h4>\t<\/div>\t<div class=\"entry-meta \">\t\t<div class=\"date \">Oct 27, 2023\t\t<\/div>\t<\/div><div class=\"entry-body\"><p>Salut, je m\u2019appelle Amanda. Je suis une fermi\u00e8re qui \u00e9l\u00e8ve des bovins de boucherie \u00e0 Jemseg, au Nouveau-Brunswick. J&rsquo;ai grandi avec mes parents sur une ferme de fruits, de l\u00e9gumes, <\/p><\/div><a href=\"https:\/\/www.nfunb.org\/fr\/rencontrez-amanda\/\" target='_self' title='' class='dt-sc-button   small icon-right with-icon  filled  type1' > En lire plus <span class='fa fa-long-arrow-right'> <\/span><\/a><\/div><\/article><\/div><div class='column dt-sc-one-column blog-fullwidth first'><article id=\"post-13257\" class=\"blog-entry default post-13257 post type-post status-publish format-standard has-post-thumbnail hentry category-fermier-vedette \"><div class=\"entry-thumb\">\t<a href=\"https:\/\/www.nfunb.org\/fr\/rencontrez-megan\/\"><img loading=\"lazy\" decoding=\"async\" width=\"972\" height=\"972\" src=\"https:\/\/www.nfunb.org\/wp-content\/uploads\/2023\/09\/IMG_20211204_152818_975-1.jpg\" class=\"attachment-full size-full wp-post-image\" alt=\"\" srcset=\"https:\/\/www.nfunb.org\/wp-content\/uploads\/2023\/09\/IMG_20211204_152818_975-1.jpg 972w, https:\/\/www.nfunb.org\/wp-content\/uploads\/2023\/09\/IMG_20211204_152818_975-1-300x300.jpg 300w, https:\/\/www.nfunb.org\/wp-content\/uploads\/2023\/09\/IMG_20211204_152818_975-1-150x150.jpg 150w\" sizes=\"auto, (max-width: 972px) 100vw, 972px\" \/><\/a>\t<div class=\"entry-format \">\t\t<a class=\"ico-format\" href=\"\"><\/a>\t<\/div><\/div><div class=\"entry-details\">\t<div class=\"entry-title\">\t\t<h4><a href=\"https:\/\/www.nfunb.org\/fr\/rencontrez-megan\/\">Rencontrez Megan<\/a><\/h4>\t<\/div>\t<div class=\"entry-meta \">\t\t<div class=\"date \">Sep 25, 2023\t\t<\/div>\t<\/div><div class=\"entry-body\"><p>Bonjour,\u00a0  Je m&rsquo;appelle Megan. Je suis \u00e9cologiste foresti\u00e8re, chercheuse, artiste des fibres et fermi\u00e8re. Avec mon partenaire, j&rsquo;exploite une ferme familiale mixte \u00e0 Anagance, au Nouveau-Brunswick, et avec ma <\/p><\/div><a href=\"https:\/\/www.nfunb.org\/fr\/rencontrez-megan\/\" target='_self' title='' class='dt-sc-button   small icon-right with-icon  filled  type1' > En lire plus <span class='fa fa-long-arrow-right'> <\/span><\/a><\/div><\/article><\/div><div class='column dt-sc-one-column blog-fullwidth first'><article id=\"post-13232\" class=\"blog-entry default post-13232 post type-post status-publish format-standard has-post-thumbnail hentry category-fermier-vedette \"><div class=\"entry-thumb\">\t<a href=\"https:\/\/www.nfunb.org\/fr\/rencontrez-data\/\"><img loading=\"lazy\" decoding=\"async\" width=\"2361\" height=\"1771\" src=\"https:\/\/www.nfunb.org\/wp-content\/uploads\/2023\/07\/FullSizeRender.jpeg\" class=\"attachment-full size-full wp-post-image\" alt=\"\" srcset=\"https:\/\/www.nfunb.org\/wp-content\/uploads\/2023\/07\/FullSizeRender.jpeg 2361w, https:\/\/www.nfunb.org\/wp-content\/uploads\/2023\/07\/FullSizeRender-300x225.jpeg 300w, https:\/\/www.nfunb.org\/wp-content\/uploads\/2023\/07\/FullSizeRender-1024x768.jpeg 1024w, https:\/\/www.nfunb.org\/wp-content\/uploads\/2023\/07\/FullSizeRender-1536x1152.jpeg 1536w, https:\/\/www.nfunb.org\/wp-content\/uploads\/2023\/07\/FullSizeRender-2048x1536.jpeg 2048w\" sizes=\"auto, (max-width: 2361px) 100vw, 2361px\" \/><\/a>\t<div class=\"entry-format \">\t\t<a class=\"ico-format\" href=\"\"><\/a>\t<\/div><\/div><div class=\"entry-details\">\t<div class=\"entry-title\">\t\t<h4><a href=\"https:\/\/www.nfunb.org\/fr\/rencontrez-data\/\">Rencontrez Data<\/a><\/h4>\t<\/div>\t<div class=\"entry-meta \">\t\t<div class=\"date \">Juil 28, 2023\t\t<\/div>\t<\/div><div class=\"entry-body\"><p>Salutations, je m\u2019appelle Data. Je suis une immigrante re\u00e7ue (r\u00e9sident permanent) venant de l\u2019Indon\u00e9sie et qui a v\u00e9cu au Canada de fa\u00e7on intermittente depuis plus d\u2019une d\u00e9cennie. Ayant eu acc\u00e8s <\/p><\/div><a href=\"https:\/\/www.nfunb.org\/fr\/rencontrez-data\/\" target='_self' title='' class='dt-sc-button   small icon-right with-icon  filled  type1' > En lire plus <span class='fa fa-long-arrow-right'> <\/span><\/a><\/div><\/article><\/div><div class='column dt-sc-one-column blog-fullwidth first'><article id=\"post-11657\" class=\"blog-entry default post-11657 post type-post status-publish format-standard has-post-thumbnail hentry category-fermier-vedette category-releve-agricole \"><div class=\"entry-thumb\">\t<a href=\"https:\/\/www.nfunb.org\/fr\/meet-riley\/\"><img loading=\"lazy\" decoding=\"async\" width=\"225\" height=\"300\" src=\"https:\/\/www.nfunb.org\/wp-content\/uploads\/2018\/01\/Riley_2-225x300-1.jpg\" class=\"attachment-full size-full wp-post-image\" alt=\"\" \/><\/a>\t<div class=\"entry-format \">\t\t<a class=\"ico-format\" href=\"\"><\/a>\t<\/div><\/div><div class=\"entry-details\">\t<div class=\"entry-title\">\t\t<h4><a href=\"https:\/\/www.nfunb.org\/fr\/meet-riley\/\">Rencontrez Riley<\/a><\/h4>\t<\/div>\t<div class=\"entry-meta \">\t\t<div class=\"date \">Jan 30, 2018\t\t<\/div>\t<\/div><div class=\"entry-body\"><p>Bonjour! Je m\u2019appelle Riley.\u00a0 Ma femme, Chantal, et moi sommes de nouveaux fermiers.\u00a0 Nous avons commenc\u00e9 par \u00e9lever un petit troupeau de moutons, en 2010, un peu \u00e0 l\u2019ext\u00e9rieur de <\/p><\/div><a href=\"https:\/\/www.nfunb.org\/fr\/meet-riley\/\" target='_self' title='' class='dt-sc-button   small icon-right with-icon  filled  type1' > En lire plus <span class='fa fa-long-arrow-right'> <\/span><\/a><\/div><\/article><\/div><div class='column dt-sc-one-column blog-fullwidth first'><article id=\"post-11663\" class=\"blog-entry default post-11663 post type-post status-publish format-standard has-post-thumbnail hentry category-fermier-vedette \"><div class=\"entry-thumb\">\t<a href=\"https:\/\/www.nfunb.org\/fr\/rencontrez-barb\/\"><img loading=\"lazy\" decoding=\"async\" width=\"1835\" height=\"1899\" src=\"https:\/\/www.nfunb.org\/wp-content\/uploads\/2018\/01\/barb.jpg\" class=\"attachment-full size-full wp-post-image\" alt=\"\" srcset=\"https:\/\/www.nfunb.org\/wp-content\/uploads\/2018\/01\/barb.jpg 1835w, https:\/\/www.nfunb.org\/wp-content\/uploads\/2018\/01\/barb-290x300.jpg 290w, https:\/\/www.nfunb.org\/wp-content\/uploads\/2018\/01\/barb-989x1024.jpg 989w, https:\/\/www.nfunb.org\/wp-content\/uploads\/2018\/01\/barb-1484x1536.jpg 1484w, https:\/\/www.nfunb.org\/wp-content\/uploads\/2018\/01\/barb-500x517.jpg 500w\" sizes=\"auto, (max-width: 1835px) 100vw, 1835px\" \/><\/a>\t<div class=\"entry-format \">\t\t<a class=\"ico-format\" href=\"\"><\/a>\t<\/div><\/div><div class=\"entry-details\">\t<div class=\"entry-title\">\t\t<h4><a href=\"https:\/\/www.nfunb.org\/fr\/rencontrez-barb\/\">Rencontrez Barb<\/a><\/h4>\t<\/div>\t<div class=\"entry-meta \">\t\t<div class=\"date \">Jan 30, 2018\t\t<\/div>\t<\/div><div class=\"entry-body\"><p>Bonjour, Je m\u2019appelle Barb et j\u2019ai grandi en ville. Je suis devenue fermi\u00e8re quand j\u2019ai \u00e9pous\u00e9 mon mari, Victor, qui vient d\u2019une famille de fermiers.\u00a0Ensemble, Victor et moi avons \u00e9lev\u00e9 <\/p><\/div><a href=\"https:\/\/www.nfunb.org\/fr\/rencontrez-barb\/\" target='_self' title='' class='dt-sc-button   small icon-right with-icon  filled  type1' > En lire plus <span class='fa fa-long-arrow-right'> <\/span><\/a><\/div><\/article><\/div><\/div>[\/vc_column_inner][vc_column_inner el_align=\u00a0\u00bbcenter\u00a0\u00bb width=\u00a0\u00bb1\/3&Prime;][vc_single_image image=\u00a0\u00bb11642&Prime; img_size=\u00a0\u00bbfull\u00a0\u00bb alignment=\u00a0\u00bbcenter\u00a0\u00bb][\/vc_column_inner][\/vc_row_inner][\/vc_column][\/vc_row][vc_row full_width=\u00a0\u00bbstretch_row\u00a0\u00bb css=\u00a0\u00bb.vc_custom_1482925311901{padding-top: 100px !important;padding-bottom: 100px !important;background-color: #f6f3ec !important;}\u00a0\u00bb][vc_column][vc_row_inner][vc_column_inner width=\u00a0\u00bb1\/2&Prime; css=\u00a0\u00bb.vc_custom_1482902537949{padding-top: 30px !important;}\u00a0\u00bb]<div class='dt-sc-section-title alignleft  vc_custom_1685544231688'><h3><span>Femmes <\/span> de l'UNF<\/h3><p>Les femmes participent activement et sur un pied d'\u00e9galit\u00e9 \u00e0 l'Union nationale des fermiers.<\/p><\/div><div class='dt-sc-clear '> <\/div>[vc_custom_heading text=\u00a0\u00bbThe National Farmers Union is a progressive family farm organization concerned about all aspects of life on farms and all members of farm families.\u00a0\u00bb font_container=\u00a0\u00bbtag:p|text_align:left\u00a0\u00bb use_theme_fonts=\u00a0\u00bbyes\u00a0\u00bb link=\u00a0\u00bburl:https%3A%2F%2Fnfunb.org%2Fwordpress%2Fbecome-a-member%2Fnfu-women%2F|title:NFU%20Women|\u00a0\u00bb]<a href='https:\/\/nfunb.org\/become-a-member\/nfu-women\/' target='_self' title='NFU Women' class='dt-sc-button   medium icon-right with-icon  green filled  '  style=\"color:#ffffff;\"> En lire plus <span class='lnr lnr-arrow-right'> <\/span><\/a>[\/vc_column_inner][vc_column_inner width=\u00a0\u00bb1\/2&Prime;][vc_single_image image=\u00a0\u00bb11644&Prime; img_size=\u00a0\u00bbfull\u00a0\u00bb][\/vc_column_inner][\/vc_row_inner]<div class='dt-sc-clear '> <\/div>[vc_row_inner][vc_column_inner width=\u00a0\u00bb1\/2&Prime;][vc_single_image image=\u00a0\u00bb11939&Prime; img_size=\u00a0\u00bbfull\u00a0\u00bb][\/vc_column_inner][vc_column_inner width=\u00a0\u00bb1\/2&Prime; css=\u00a0\u00bb.vc_custom_1482902546266{padding-top: 30px !important;}\u00a0\u00bb]<div class='dt-sc-section-title alignleft  vc_custom_1685544884471'><h3><span>La jeunesse de <\/span> l'UNF<\/h3><p>La jeunesse de l'UNF est compos\u00e9e non seulement de jeunes fermiers\/fermi\u00e8res, mais aussi de leurs camarades urbains<\/p><\/div><div class='dt-sc-clear '> <\/div>[vc_custom_heading text=\u00a0\u00bbLa jeunesse de l&rsquo;UNF est un r\u00e9seau de jeunes Canadiens engag\u00e9s dans la construction d&rsquo;un syst\u00e8me alimentaire \u00e9conomiquement viable pour les exploitations agricoles familiales, socialement juste et ax\u00e9 sur le local.\u00a0\u00bb font_container=\u00a0\u00bbtag:p|text_align:left\u00a0\u00bb use_theme_fonts=\u00a0\u00bbyes\u00a0\u00bb link=\u00a0\u00bburl:https%3A%2F%2Fnfunb.org%2Fbecome-a-member%2Fnfu-youth%2F|title:NFU%20Youth|\u00a0\u00bb]<a href='https:\/\/nfunb.org\/wordpress\/become-a-member\/nfu-youth\/' target='_self' title='NFU Youth' class='dt-sc-button   medium icon-right with-icon  green filled  '  style=\"color:#ffffff;\"> En lire plus ... <span class='lnr lnr-arrow-right'> <\/span><\/a>[\/vc_column_inner][\/vc_row_inner][\/vc_column][\/vc_row]<\/p>\n<\/div>","protected":false},"excerpt":{"rendered":"<p>[vc_row css=\u00a0\u00bb.vc_custom_1481788607477{padding-top: 30px !important;padding-bottom: 100px !important;}\u00a0\u00bb][vc_column][vc_row_inner equal_height=\u00a0\u00bbyes\u00a0\u00bb content_placement=\u00a0\u00bbtop\u00a0\u00bb][vc_column_inner width=\u00a0\u00bb2\/3&Prime;][\/vc_column_inner][vc_column_inner el_align=\u00a0\u00bbcenter\u00a0\u00bb width=\u00a0\u00bb1\/3&Prime;][vc_single_image image=\u00a0\u00bb11642&Prime; img_size=\u00a0\u00bbfull\u00a0\u00bb alignment=\u00a0\u00bbcenter\u00a0\u00bb][\/vc_column_inner][\/vc_row_inner][\/vc_column][\/vc_row][vc_row full_width=\u00a0\u00bbstretch_row\u00a0\u00bb css=\u00a0\u00bb.vc_custom_1482925311901{padding-top: 100px !important;padding-bottom: 100px !important;background-color: #f6f3ec !important;}\u00a0\u00bb][vc_column][vc_row_inner][vc_column_inner width=\u00a0\u00bb1\/2&Prime; css=\u00a0\u00bb.vc_custom_1482902537949{padding-top: 30px !important;}\u00a0\u00bb][vc_custom_heading text=\u00a0\u00bbThe National Farmers Union [&hellip;]<\/p>\n","protected":false},"author":1,"featured_media":0,"parent":11729,"menu_order":1,"comment_status":"closed","ping_status":"closed","template":"","meta":{"footnotes":""},"class_list":["post-11737","page","type-page","status-publish","hentry"],"yoast_head":"<!-- This site is optimized with the Yoast SEO plugin v26.7 - https:\/\/yoast.com\/wordpress\/plugins\/seo\/ -->\n<title>Les Fermiers de l&#039;UNF-NB - National Farmers Union in New Brunswick<\/title>\n<meta name=\"robots\" content=\"index, follow, max-snippet:-1, max-image-preview:large, max-video-preview:-1\" \/>\n<link rel=\"canonical\" href=\"https:\/\/www.nfunb.org\/fr\/a-propos-de-l-unf-nb\/les-fermiers-de-l-unf-nb\/\" \/>\n<meta property=\"og:locale\" content=\"fr_FR\" \/>\n<meta property=\"og:type\" content=\"article\" \/>\n<meta property=\"og:title\" content=\"Les Fermiers de l&#039;UNF-NB - National Farmers Union in New Brunswick\" \/>\n<meta property=\"og:description\" content=\"[vc_row css=\u00a0\u00bb.vc_custom_1481788607477{padding-top: 30px !important;padding-bottom: 100px !important;}\u00a0\u00bb][vc_column][vc_row_inner equal_height=\u00a0\u00bbyes\u00a0\u00bb content_placement=\u00a0\u00bbtop\u00a0\u00bb][vc_column_inner width=\u00a0\u00bb2\/3&Prime;][\/vc_column_inner][vc_column_inner el_align=\u00a0\u00bbcenter\u00a0\u00bb width=\u00a0\u00bb1\/3&Prime;][vc_single_image image=\u00a0\u00bb11642&Prime; img_size=\u00a0\u00bbfull\u00a0\u00bb alignment=\u00a0\u00bbcenter\u00a0\u00bb][\/vc_column_inner][\/vc_row_inner][\/vc_column][\/vc_row][vc_row full_width=\u00a0\u00bbstretch_row\u00a0\u00bb css=\u00a0\u00bb.vc_custom_1482925311901{padding-top: 100px !important;padding-bottom: 100px !important;background-color: #f6f3ec !important;}\u00a0\u00bb][vc_column][vc_row_inner][vc_column_inner width=\u00a0\u00bb1\/2&Prime; css=\u00a0\u00bb.vc_custom_1482902537949{padding-top: 30px !important;}\u00a0\u00bb][vc_custom_heading text=\u00a0\u00bbThe National Farmers Union [&hellip;]\" \/>\n<meta property=\"og:url\" content=\"https:\/\/www.nfunb.org\/fr\/a-propos-de-l-unf-nb\/les-fermiers-de-l-unf-nb\/\" \/>\n<meta property=\"og:site_name\" content=\"National Farmers Union in New Brunswick\" \/>\n<meta property=\"article:publisher\" content=\"https:\/\/www.facebook.com\/NFUinNB\" \/>\n<meta property=\"article:modified_time\" content=\"2023-05-31T21:18:00+00:00\" \/>\n<meta name=\"twitter:card\" content=\"summary_large_image\" \/>\n<meta name=\"twitter:label1\" content=\"Dur\u00e9e de lecture estim\u00e9e\" \/>\n\t<meta name=\"twitter:data1\" content=\"3 minutes\" \/>\n<script type=\"application\/ld+json\" class=\"yoast-schema-graph\">{\"@context\":\"https:\/\/schema.org\",\"@graph\":[{\"@type\":\"WebPage\",\"@id\":\"https:\/\/www.nfunb.org\/fr\/a-propos-de-l-unf-nb\/les-fermiers-de-l-unf-nb\/\",\"url\":\"https:\/\/www.nfunb.org\/fr\/a-propos-de-l-unf-nb\/les-fermiers-de-l-unf-nb\/\",\"name\":\"Les Fermiers de l'UNF-NB - National Farmers Union in New Brunswick\",\"isPartOf\":{\"@id\":\"https:\/\/www.nfunb.org\/fr\/#website\"},\"datePublished\":\"2021-12-20T13:13:34+00:00\",\"dateModified\":\"2023-05-31T21:18:00+00:00\",\"breadcrumb\":{\"@id\":\"https:\/\/www.nfunb.org\/fr\/a-propos-de-l-unf-nb\/les-fermiers-de-l-unf-nb\/#breadcrumb\"},\"inLanguage\":\"fr-FR\",\"potentialAction\":[{\"@type\":\"ReadAction\",\"target\":[\"https:\/\/www.nfunb.org\/fr\/a-propos-de-l-unf-nb\/les-fermiers-de-l-unf-nb\/\"]}]},{\"@type\":\"BreadcrumbList\",\"@id\":\"https:\/\/www.nfunb.org\/fr\/a-propos-de-l-unf-nb\/les-fermiers-de-l-unf-nb\/#breadcrumb\",\"itemListElement\":[{\"@type\":\"ListItem\",\"position\":1,\"name\":\"Home\",\"item\":\"https:\/\/www.nfunb.org\/fr\/home\/\"},{\"@type\":\"ListItem\",\"position\":2,\"name\":\"\u00c0 propos de l&#8217;UNF-NB\",\"item\":\"https:\/\/www.nfunb.org\/fr\/a-propos-de-l-unf-nb\/\"},{\"@type\":\"ListItem\",\"position\":3,\"name\":\"Les Fermiers de l&#8217;UNF-NB\"}]},{\"@type\":\"WebSite\",\"@id\":\"https:\/\/www.nfunb.org\/fr\/#website\",\"url\":\"https:\/\/www.nfunb.org\/fr\/\",\"name\":\"National Farmers Union in New Brunswick\",\"description\":\"Strong Communities. Sound Policies. Sustainable Farms\",\"publisher\":{\"@id\":\"https:\/\/www.nfunb.org\/fr\/#organization\"},\"potentialAction\":[{\"@type\":\"SearchAction\",\"target\":{\"@type\":\"EntryPoint\",\"urlTemplate\":\"https:\/\/www.nfunb.org\/fr\/?s={search_term_string}\"},\"query-input\":{\"@type\":\"PropertyValueSpecification\",\"valueRequired\":true,\"valueName\":\"search_term_string\"}}],\"inLanguage\":\"fr-FR\"},{\"@type\":\"Organization\",\"@id\":\"https:\/\/www.nfunb.org\/fr\/#organization\",\"name\":\"National Farmers Union in New Brunswick\",\"url\":\"https:\/\/www.nfunb.org\/fr\/\",\"logo\":{\"@type\":\"ImageObject\",\"inLanguage\":\"fr-FR\",\"@id\":\"https:\/\/www.nfunb.org\/fr\/#\/schema\/logo\/image\/\",\"url\":\"https:\/\/www.nfunb.org\/wp-content\/uploads\/2022\/01\/NFU_logo_CircleNB.png\",\"contentUrl\":\"https:\/\/www.nfunb.org\/wp-content\/uploads\/2022\/01\/NFU_logo_CircleNB.png\",\"width\":480,\"height\":480,\"caption\":\"National Farmers Union in New Brunswick\"},\"image\":{\"@id\":\"https:\/\/www.nfunb.org\/fr\/#\/schema\/logo\/image\/\"},\"sameAs\":[\"https:\/\/www.facebook.com\/NFUinNB\",\"https:\/\/www.instagram.com\/nfu.unf.nb\/\"]}]}<\/script>\n<!-- \/ Yoast SEO plugin. -->","yoast_head_json":{"title":"Les Fermiers de l'UNF-NB - National Farmers Union in New Brunswick","robots":{"index":"index","follow":"follow","max-snippet":"max-snippet:-1","max-image-preview":"max-image-preview:large","max-video-preview":"max-video-preview:-1"},"canonical":"https:\/\/www.nfunb.org\/fr\/a-propos-de-l-unf-nb\/les-fermiers-de-l-unf-nb\/","og_locale":"fr_FR","og_type":"article","og_title":"Les Fermiers de l'UNF-NB - National Farmers Union in New Brunswick","og_description":"[vc_row css=\u00a0\u00bb.vc_custom_1481788607477{padding-top: 30px !important;padding-bottom: 100px !important;}\u00a0\u00bb][vc_column][vc_row_inner equal_height=\u00a0\u00bbyes\u00a0\u00bb content_placement=\u00a0\u00bbtop\u00a0\u00bb][vc_column_inner width=\u00a0\u00bb2\/3&Prime;][\/vc_column_inner][vc_column_inner el_align=\u00a0\u00bbcenter\u00a0\u00bb width=\u00a0\u00bb1\/3&Prime;][vc_single_image image=\u00a0\u00bb11642&Prime; img_size=\u00a0\u00bbfull\u00a0\u00bb alignment=\u00a0\u00bbcenter\u00a0\u00bb][\/vc_column_inner][\/vc_row_inner][\/vc_column][\/vc_row][vc_row full_width=\u00a0\u00bbstretch_row\u00a0\u00bb css=\u00a0\u00bb.vc_custom_1482925311901{padding-top: 100px !important;padding-bottom: 100px !important;background-color: #f6f3ec !important;}\u00a0\u00bb][vc_column][vc_row_inner][vc_column_inner width=\u00a0\u00bb1\/2&Prime; css=\u00a0\u00bb.vc_custom_1482902537949{padding-top: 30px !important;}\u00a0\u00bb][vc_custom_heading text=\u00a0\u00bbThe National Farmers Union [&hellip;]","og_url":"https:\/\/www.nfunb.org\/fr\/a-propos-de-l-unf-nb\/les-fermiers-de-l-unf-nb\/","og_site_name":"National Farmers Union in New Brunswick","article_publisher":"https:\/\/www.facebook.com\/NFUinNB","article_modified_time":"2023-05-31T21:18:00+00:00","twitter_card":"summary_large_image","twitter_misc":{"Dur\u00e9e de lecture estim\u00e9e":"3 minutes"},"schema":{"@context":"https:\/\/schema.org","@graph":[{"@type":"WebPage","@id":"https:\/\/www.nfunb.org\/fr\/a-propos-de-l-unf-nb\/les-fermiers-de-l-unf-nb\/","url":"https:\/\/www.nfunb.org\/fr\/a-propos-de-l-unf-nb\/les-fermiers-de-l-unf-nb\/","name":"Les Fermiers de l'UNF-NB - National Farmers Union in New Brunswick","isPartOf":{"@id":"https:\/\/www.nfunb.org\/fr\/#website"},"datePublished":"2021-12-20T13:13:34+00:00","dateModified":"2023-05-31T21:18:00+00:00","breadcrumb":{"@id":"https:\/\/www.nfunb.org\/fr\/a-propos-de-l-unf-nb\/les-fermiers-de-l-unf-nb\/#breadcrumb"},"inLanguage":"fr-FR","potentialAction":[{"@type":"ReadAction","target":["https:\/\/www.nfunb.org\/fr\/a-propos-de-l-unf-nb\/les-fermiers-de-l-unf-nb\/"]}]},{"@type":"BreadcrumbList","@id":"https:\/\/www.nfunb.org\/fr\/a-propos-de-l-unf-nb\/les-fermiers-de-l-unf-nb\/#breadcrumb","itemListElement":[{"@type":"ListItem","position":1,"name":"Home","item":"https:\/\/www.nfunb.org\/fr\/home\/"},{"@type":"ListItem","position":2,"name":"\u00c0 propos de l&#8217;UNF-NB","item":"https:\/\/www.nfunb.org\/fr\/a-propos-de-l-unf-nb\/"},{"@type":"ListItem","position":3,"name":"Les Fermiers de l&#8217;UNF-NB"}]},{"@type":"WebSite","@id":"https:\/\/www.nfunb.org\/fr\/#website","url":"https:\/\/www.nfunb.org\/fr\/","name":"National Farmers Union in New Brunswick","description":"Strong Communities. Sound Policies. Sustainable Farms","publisher":{"@id":"https:\/\/www.nfunb.org\/fr\/#organization"},"potentialAction":[{"@type":"SearchAction","target":{"@type":"EntryPoint","urlTemplate":"https:\/\/www.nfunb.org\/fr\/?s={search_term_string}"},"query-input":{"@type":"PropertyValueSpecification","valueRequired":true,"valueName":"search_term_string"}}],"inLanguage":"fr-FR"},{"@type":"Organization","@id":"https:\/\/www.nfunb.org\/fr\/#organization","name":"National Farmers Union in New Brunswick","url":"https:\/\/www.nfunb.org\/fr\/","logo":{"@type":"ImageObject","inLanguage":"fr-FR","@id":"https:\/\/www.nfunb.org\/fr\/#\/schema\/logo\/image\/","url":"https:\/\/www.nfunb.org\/wp-content\/uploads\/2022\/01\/NFU_logo_CircleNB.png","contentUrl":"https:\/\/www.nfunb.org\/wp-content\/uploads\/2022\/01\/NFU_logo_CircleNB.png","width":480,"height":480,"caption":"National Farmers Union in New Brunswick"},"image":{"@id":"https:\/\/www.nfunb.org\/fr\/#\/schema\/logo\/image\/"},"sameAs":["https:\/\/www.facebook.com\/NFUinNB","https:\/\/www.instagram.com\/nfu.unf.nb\/"]}]}},"_links":{"self":[{"href":"https:\/\/www.nfunb.org\/fr\/wp-json\/wp\/v2\/pages\/11737","targetHints":{"allow":["GET"]}}],"collection":[{"href":"https:\/\/www.nfunb.org\/fr\/wp-json\/wp\/v2\/pages"}],"about":[{"href":"https:\/\/www.nfunb.org\/fr\/wp-json\/wp\/v2\/types\/page"}],"author":[{"embeddable":true,"href":"https:\/\/www.nfunb.org\/fr\/wp-json\/wp\/v2\/users\/1"}],"replies":[{"embeddable":true,"href":"https:\/\/www.nfunb.org\/fr\/wp-json\/wp\/v2\/comments?post=11737"}],"version-history":[{"count":10,"href":"https:\/\/www.nfunb.org\/fr\/wp-json\/wp\/v2\/pages\/11737\/revisions"}],"predecessor-version":[{"id":13199,"href":"https:\/\/www.nfunb.org\/fr\/wp-json\/wp\/v2\/pages\/11737\/revisions\/13199"}],"up":[{"embeddable":true,"href":"https:\/\/www.nfunb.org\/fr\/wp-json\/wp\/v2\/pages\/11729"}],"wp:attachment":[{"href":"https:\/\/www.nfunb.org\/fr\/wp-json\/wp\/v2\/media?parent=11737"}],"curies":[{"name":"wp","href":"https:\/\/api.w.org\/{rel}","templated":true}]}}