{"id":11750,"date":"2021-12-20T13:16:30","date_gmt":"2021-12-20T13:16:30","guid":{"rendered":"https:\/\/nfunb.org\/wordpress\/devenir-membre\/nfu-youth\/"},"modified":"2022-02-11T11:46:44","modified_gmt":"2022-02-11T15:46:44","slug":"la-jeunesse-de-l-unf","status":"publish","type":"page","link":"https:\/\/www.nfunb.org\/fr\/devenir-membre\/la-jeunesse-de-l-unf\/","title":{"rendered":"La jeunesse de l&rsquo;UNF"},"content":{"rendered":"<div class=\"wpb-content-wrapper\"><p>[vc_row css=\u00a0\u00bb.vc_custom_1481788607477{padding-top: 30px !important;padding-bottom: 100px !important;}\u00a0\u00bb][vc_column]<div class='dt-sc-section-title aligncenter  '><h2><span>Qui est la<\/span> jeunesse de l'UNF?<\/h2><p><\/p><\/div>[vc_row_inner equal_height=\u00a0\u00bbyes\u00a0\u00bb content_placement=\u00a0\u00bbmiddle\u00a0\u00bb][vc_column_inner width=\u00a0\u00bb1\/2&Prime;][vc_column_text]<\/p>\n<p id=\"tw-target-text\" class=\"tw-data-text tw-text-large tw-ta\" dir=\"ltr\" data-placeholder=\"Translation\"><span class=\"Y2IQFc\" lang=\"fr\">La NFU Youth est un r\u00e9seau de jeunes Canadiens d\u00e9termin\u00e9s \u00e0 b\u00e2tir un syst\u00e8me alimentaire \u00e9conomiquement viable pour les fermes familiales, socialement juste et ax\u00e9 sur le local. <\/span><\/p>\n<p class=\"tw-data-text tw-text-large tw-ta\" dir=\"ltr\" data-placeholder=\"Translation\"><span class=\"Y2IQFc\" lang=\"fr\">La jeunesse de l&rsquo;UNF se compose non seulement de jeunes agriculteurs, mais aussi de leurs homologues urbains qui se pr\u00e9occupent de l&rsquo;avenir de l&rsquo;alimentation et de l&rsquo;agriculture au Canada et dans le monde.<\/span><\/p>\n<p class=\"tw-data-text tw-text-large tw-ta\" dir=\"ltr\" data-placeholder=\"Translation\"><span class=\"Y2IQFc\" lang=\"fr\">Les jeunes de la NFU s&rsquo;efforcent de promouvoir la souverainet\u00e9 alimentaire au Canada gr\u00e2ce \u00e0 leur propre analyse politique unique, \u00e0 des opportunit\u00e9s \u00e9ducatives et \u00e0 des partenariats avec d&rsquo;autres organisations partageant des objectifs similaires, notamment les\u00a0Young Agrarians, la\u00a0National New Farmer Coalition et l&rsquo;Union Paysanne. <\/span><\/p>\n<p class=\"tw-data-text tw-text-large tw-ta\" dir=\"ltr\" data-placeholder=\"Translation\"><span class=\"Y2IQFc\" lang=\"fr\">Notre programmation vise \u00e0 soutenir et \u00e0 encourager les agriculteurs nouveaux et potentiels \u00e0 travers le Canada afin de b\u00e2tir un avenir meilleur pour les familles agricoles canadiennes. Les jeunes de la NFU organisent et participent \u00e9galement \u00e0 des activit\u00e9s avec les jeunes de La Via Campesina, un mouvement social mondial qui r\u00e9unit des organisations agricoles du monde entier. <\/span><\/p>\n<ul>\n<li class=\"tw-data-text tw-text-large tw-ta\" dir=\"ltr\" data-placeholder=\"Translation\"><span class=\"Y2IQFc\" lang=\"fr\">Le pr\u00e9sident de la jeunesse de la NFU est Alex Fletcher, Colombie-Britannique. <\/span><\/li>\n<li class=\"tw-data-text tw-text-large tw-ta\" dir=\"ltr\" data-placeholder=\"Translation\"><span class=\"Y2IQFc\" lang=\"fr\">La vice-pr\u00e9sidente jeunesse est Ayla Fenton <\/span><\/li>\n<li class=\"tw-data-text tw-text-large tw-ta\" dir=\"ltr\" data-placeholder=\"Translation\"><span class=\"Y2IQFc\" lang=\"fr\">La directrice jeunesse de la r\u00e9gion 1 (Maritimes) est Michelle Fyfe, \u00ce.-P.-\u00c9. <\/span><\/li>\n<li class=\"tw-data-text tw-text-large tw-ta\" dir=\"ltr\" data-placeholder=\"Translation\"><span class=\"Y2IQFc\" lang=\"fr\">Le pr\u00e9sident de la r\u00e9gion 1, district 2 (NB), jeunesse est Philippe Gervais<\/span><\/li>\n<\/ul>\n<p>[\/vc_column_text][\/vc_column_inner][vc_column_inner el_align=\u00a0\u00bbcenter\u00a0\u00bb width=\u00a0\u00bb1\/2&Prime;][vc_single_image image=\u00a0\u00bb11434&Prime; img_size=\u00a0\u00bbfull\u00a0\u00bb alignment=\u00a0\u00bbcenter\u00a0\u00bb][\/vc_column_inner][\/vc_row_inner][\/vc_column][\/vc_row][vc_row full_width=\u00a0\u00bbstretch_row\u00a0\u00bb css=\u00a0\u00bb.vc_custom_1640029021702{padding-top: 100px !important;padding-bottom: 100px !important;background-color: #f6f3ec !important;}\u00a0\u00bb][vc_column]<div class='dt-sc-section-title aligncenter  vc_custom_1642450296609'><h2><span>Qui peut<\/span> se joindre?<\/h2><p><\/p><\/div>[vc_row_inner][vc_column_inner width=\u00a0\u00bb1\/4&Prime;]<div class='dt-sc-image-caption type3 ' ><div class='dt-sc-image-wrapper'><a target=\"_self\" href=\"\"><img loading=\"lazy\" decoding=\"async\" width=\"800\" height=\"800\" src=\"https:\/\/www.nfunb.org\/wp-content\/uploads\/2022\/02\/Emily-Shapiro-with-calves.jpg\" class=\"attachment-full\" alt=\"\" title=\"Emily-Shapiro-with-calves\" srcset=\"https:\/\/www.nfunb.org\/wp-content\/uploads\/2022\/02\/Emily-Shapiro-with-calves.jpg 800w, https:\/\/www.nfunb.org\/wp-content\/uploads\/2022\/02\/Emily-Shapiro-with-calves-300x300.jpg 300w, https:\/\/www.nfunb.org\/wp-content\/uploads\/2022\/02\/Emily-Shapiro-with-calves-150x150.jpg 150w\" sizes=\"auto, (max-width: 800px) 100vw, 800px\" \/><\/a><\/div><div class=\"dt-sc-image-content\" ><div class='dt-sc-image-title'><h3>Tout jeune<\/h3><\/div><p><p id=\"tw-target-text\" class=\"tw-data-text tw-text-large tw-ta\" dir=\"ltr\" data-placeholder=\"Translation\"><span class=\"Y2IQFc\" lang=\"fr\">Tous les jeunes, y compris les jeunes non agricoles, \u00e2g\u00e9s de 14 \u00e0 29 ans, peuvent devenir membres.<\/span><\/p><\/p><\/div><\/div>[\/vc_column_inner][vc_column_inner width=\u00a0\u00bb1\/4&Prime;]<div class='dt-sc-image-caption type3 ' ><div class='dt-sc-image-wrapper'><a target=\"_self\" href=\"\"><img loading=\"lazy\" decoding=\"async\" width=\"800\" height=\"800\" src=\"https:\/\/www.nfunb.org\/wp-content\/uploads\/2022\/02\/Pierre-Olivier-Brassard.jpg\" class=\"attachment-full\" alt=\"\" title=\"Pierre-Olivier-Brassard\" srcset=\"https:\/\/www.nfunb.org\/wp-content\/uploads\/2022\/02\/Pierre-Olivier-Brassard.jpg 800w, https:\/\/www.nfunb.org\/wp-content\/uploads\/2022\/02\/Pierre-Olivier-Brassard-300x300.jpg 300w, https:\/\/www.nfunb.org\/wp-content\/uploads\/2022\/02\/Pierre-Olivier-Brassard-150x150.jpg 150w\" sizes=\"auto, (max-width: 800px) 100vw, 800px\" \/><\/a><\/div><div class=\"dt-sc-image-content\" ><div class='dt-sc-image-title'><h3>Jeunes de la ferme<\/h3><\/div><p>Tout jeune fermier, \u00e2g\u00e9 de 14 \u00e0 21 ans, est automatiquement membre en vertu de l&rsquo;adh\u00e9sion de sa famille.<\/p><\/div><\/div>[\/vc_column_inner][vc_column_inner width=\u00a0\u00bb1\/4&Prime;]<div class='dt-sc-image-caption type3 ' ><div class='dt-sc-image-wrapper'><a target=\"_self\" href=\"\"><img loading=\"lazy\" decoding=\"async\" width=\"800\" height=\"800\" src=\"https:\/\/www.nfunb.org\/wp-content\/uploads\/2022\/02\/John-Best-with-pig.jpg\" class=\"attachment-full\" alt=\"\" title=\"John-Best-with-pig\" srcset=\"https:\/\/www.nfunb.org\/wp-content\/uploads\/2022\/02\/John-Best-with-pig.jpg 800w, https:\/\/www.nfunb.org\/wp-content\/uploads\/2022\/02\/John-Best-with-pig-300x300.jpg 300w, https:\/\/www.nfunb.org\/wp-content\/uploads\/2022\/02\/John-Best-with-pig-150x150.jpg 150w\" sizes=\"auto, (max-width: 800px) 100vw, 800px\" \/><\/a><\/div><div class=\"dt-sc-image-content\" ><div class='dt-sc-image-title'><h3>Adh\u00e9sion jeunesse<\/h3><\/div><p>Les jeunes agriculteurs de 18 \u00e0 25 ans peuvent acheter une adh\u00e9sion annuelle pour 98 $, tandis que les jeunes agriculteurs de 26 \u00e0 29 ans doivent acheter une adh\u00e9sion compl\u00e8te.<\/p><\/div><\/div>[\/vc_column_inner][vc_column_inner width=\u00a0\u00bb1\/4&Prime;]<div class='dt-sc-image-caption type3 ' ><div class='dt-sc-image-wrapper'><a target=\"_self\" href=\"\"><img loading=\"lazy\" decoding=\"async\" width=\"800\" height=\"800\" src=\"https:\/\/www.nfunb.org\/wp-content\/uploads\/2022\/02\/Amanda-Wildeman.jpg\" class=\"attachment-full\" alt=\"\" title=\"Amanda-Wildeman\" srcset=\"https:\/\/www.nfunb.org\/wp-content\/uploads\/2022\/02\/Amanda-Wildeman.jpg 800w, https:\/\/www.nfunb.org\/wp-content\/uploads\/2022\/02\/Amanda-Wildeman-300x300.jpg 300w, https:\/\/www.nfunb.org\/wp-content\/uploads\/2022\/02\/Amanda-Wildeman-150x150.jpg 150w\" sizes=\"auto, (max-width: 800px) 100vw, 800px\" \/><\/a><\/div><div class=\"dt-sc-image-content\" ><div class='dt-sc-image-title'><h3>Membre associ\u00e9<\/h3><\/div><p><p id=\"tw-target-text\" class=\"tw-data-text tw-text-large tw-ta\" dir=\"ltr\" data-placeholder=\"Translation\"><span class=\"Y2IQFc\" lang=\"fr\">Les jeunes non agricoles peuvent acheter une adh\u00e9sion associ\u00e9e pour 65 $ et avoir tous les privil\u00e8ges de l&rsquo;adh\u00e9sion, sauf le droit de voter ou d&rsquo;occuper un poste \u00e9lectif.<\/span><\/p><\/p><\/div><\/div>[\/vc_column_inner][\/vc_row_inner][vc_row_inner][vc_column_inner el_align=\u00a0\u00bbcenter\u00a0\u00bb]<a href='https:\/\/www.nfu.ca\/join\/youth-membership\/' target='_blank' title='Join NFU-Youth' class='dt-sc-button   medium   green filled  ' > Rejoignez la jeunesse de l'UNF <\/a>[\/vc_column_inner][\/vc_row_inner][\/vc_column][\/vc_row][vc_row css=\u00a0\u00bb.vc_custom_1481950149965{padding-top: 100px !important;padding-bottom: 100px !important;}\u00a0\u00bb][vc_column]<div class='dt-sc-section-title aligncenter  vc_custom_1642450494377'><h2><span>De la ville<\/span> \u00e0 la ferme<\/h2><p>- Philippe Gervais, Pr\u00e9sident jeunesse<\/p><\/div>[vc_row_inner][vc_column_inner][vc_column_text]<\/p>\n<p id=\"tw-target-text\" class=\"tw-data-text tw-text-large tw-ta\" dir=\"ltr\" data-placeholder=\"Translation\"><span class=\"Y2IQFc\" lang=\"fr\">Commencer une carri\u00e8re dans l&rsquo;agriculture est difficile pour n&rsquo;importe qui, mais en tant qu&rsquo;agriculteur de premi\u00e8re g\u00e9n\u00e9ration, le d\u00e9fi est encore plus grand. C&rsquo;est la r\u00e9alit\u00e9 \u00e0 laquelle je suis confront\u00e9. Ce n&rsquo;est pas un mode de vie que je connais et savoir quoi faire n&rsquo;est pas toujours \u00e9vident. Quand on ne sait pas o\u00f9 chercher, qui approcher ou encore les diff\u00e9rents types de production qui se d\u00e9roulent dans la r\u00e9gion, cela peut \u00eatre intimidant. <\/span><\/p>\n<p class=\"tw-data-text tw-text-large tw-ta\" dir=\"ltr\" data-placeholder=\"Translation\"><span class=\"Y2IQFc\" lang=\"fr\">Cela fait deux ans que j&rsquo;ai commenc\u00e9 l&rsquo;agriculture et je me suis rendu compte qu&rsquo;il y a plusieurs possibilit\u00e9s et j&rsquo;aimerais que tout le monde sache qu&rsquo;elles existent car nous avons un besoin urgent de rel\u00e8ve agricole au Canada, particuli\u00e8rement dans les Maritimes. \u00catre conscient des opportunit\u00e9s qui s&rsquo;offrent \u00e0 nous en agriculture est presque enti\u00e8rement li\u00e9 aux personnes que nous rencontrons. La r\u00e9alit\u00e9 est que tout d\u00e9pend de qui vous connaissez\u00a0! Je crois qu&rsquo;il est important de partager certaines des organisations \/ groupes qui m&rsquo;ont aid\u00e9 \u00e0 construire mon r\u00e9seau et mes id\u00e9aux jusqu&rsquo;\u00e0 pr\u00e9sent dans l&rsquo;espoir qu&rsquo;ils puissent aider ceux qui pensent \u00e0 un avenir dans l&rsquo;agriculture.<\/span><\/p>\n<p>[\/vc_column_text][\/vc_column_inner][\/vc_row_inner][vc_row_inner][vc_column_inner width=\u00a0\u00bb1\/3&Prime;][vc_column_text]<\/p>\n<p id=\"tw-target-text\" class=\"tw-data-text tw-text-large tw-ta\" dir=\"ltr\" data-placeholder=\"Translation\"><strong><span class=\"Y2IQFc\" lang=\"fr\">Opportunit\u00e9s mondiales sur la ferme biologique (WWOOF)<\/span><\/strong><\/p>\n<p id=\"tw-target-text\" class=\"tw-data-text tw-text-large tw-ta\" dir=\"ltr\" data-placeholder=\"Translation\"><span class=\"Y2IQFc\" lang=\"fr\">Tout a commenc\u00e9 avec WWOOF lors d&rsquo;un voyage en Colombie-Britannique. WWOOF est un excellent outil et r\u00e9seau pour en savoir plus sur le mode de vie de l&rsquo;agriculture si vous n&rsquo;\u00eates pas compl\u00e8tement s\u00fbr que c&rsquo;est le bon choix pour vous. Pour moi, il \u00e9tait \u00e9vident qu&rsquo;apr\u00e8s cette exp\u00e9rience je voulais travailler dans une ferme.<\/span><\/p>\n<p>[\/vc_column_text][\/vc_column_inner][vc_column_inner width=\u00a0\u00bb1\/3&Prime; css=\u00a0\u00bb.vc_custom_1482906022684{padding-right: 0px !important;padding-left: 0px !important;}\u00a0\u00bb][vc_single_image image=\u00a0\u00bb11464&Prime; img_size=\u00a0\u00bbfull\u00a0\u00bb alignment=\u00a0\u00bbcenter\u00a0\u00bb css=\u00a0\u00bb.vc_custom_1640030237796{margin-bottom: 0px !important;}\u00a0\u00bb][\/vc_column_inner][vc_column_inner width=\u00a0\u00bb1\/3&Prime;][vc_column_text]<b>Stewards of Irreplaceable Land (S.O.I.L.)<br \/>\n<\/b><\/p>\n<p id=\"tw-target-text\" class=\"tw-data-text tw-text-large tw-ta\" dir=\"ltr\" data-placeholder=\"Translation\"><span class=\"Y2IQFc\" lang=\"fr\">Avec peu d&rsquo;exp\u00e9rience en agriculture, il peut \u00eatre difficile de trouver l&#8217;employeur id\u00e9al capable d&rsquo;offrir une exp\u00e9rience d&rsquo;apprentissage r\u00e9mun\u00e9r\u00e9e. J&rsquo;ai donc particip\u00e9 au programme Stewards of Irreplaceable Land (S.O.I.L), qui m&rsquo;a permis de m&rsquo;entendre avec mon premier mentor.<\/span><\/p>\n<p>[\/vc_column_text][\/vc_column_inner][\/vc_row_inner][vc_row_inner][vc_column_inner][vc_column_text]<\/p>\n<p id=\"tw-target-text\" class=\"tw-data-text tw-text-large tw-ta\" dir=\"ltr\" data-placeholder=\"Translation\"><strong><span class=\"Y2IQFc\" lang=\"fr\">R\u00e9seau r\u00e9gional biologique du Canada atlantique<\/span><\/strong><\/p>\n<p id=\"tw-target-text\" class=\"tw-data-text tw-text-large tw-ta\" dir=\"ltr\" data-placeholder=\"Translation\"><span class=\"Y2IQFc\" lang=\"fr\">\u00c0 mon retour au Canada atlantique, j&rsquo;ai commenc\u00e9 \u00e0 assister \u00e0 des \u00e9v\u00e9nements organis\u00e9s par ACORN. C&rsquo;est lors d&rsquo;un de leurs \u00e9v\u00e9nements que j&rsquo;ai rencontr\u00e9 mon deuxi\u00e8me mentor qui avait \u00e9t\u00e9 l&rsquo;un des conf\u00e9renciers invit\u00e9s. Apr\u00e8s avoir \u00e9cout\u00e9 ses pr\u00e9sentations, je n&rsquo;ai eu qu&rsquo;\u00e0 prendre le taureau par les cornes et lui demander s&rsquo;il avait tous ses ouvriers pour la prochaine saison. La r\u00e9ponse \u00e9tait non et il m&rsquo;a engag\u00e9. Il est absolument important d&rsquo;approcher ces employeurs potentiels qui poss\u00e8dent un riche savoir-faire et qui sont de v\u00e9ritables leaders dans nos communaut\u00e9s agricoles. Il est pr\u00e9f\u00e9rable que vous puissiez leur demander en personne si une exp\u00e9rience d&rsquo;apprentissage \/ de travail r\u00e9mun\u00e9r\u00e9 est possible avec eux.<\/span><\/p>\n<p id=\"tw-target-text\" class=\"tw-data-text tw-text-large tw-ta\" dir=\"ltr\" data-placeholder=\"Translation\"><strong><span class=\"Y2IQFc\" lang=\"fr\">L&rsquo;Union Nationale des Fermiers <\/span><\/strong><b>(UNF)<\/b><\/p>\n<p id=\"tw-target-text\" class=\"tw-data-text tw-text-large tw-ta\" dir=\"ltr\" data-placeholder=\"Translation\"><span class=\"Y2IQFc\" lang=\"fr\">Par la suite, j&rsquo;ai voulu m&rsquo;engager politiquement et trouver une fa\u00e7on de rassembler et de mobiliser les nouveaux et les moins nouveaux agriculteurs des Maritimes. C&rsquo;est \u00e0 ce moment-l\u00e0 que j&rsquo;ai rejoint l&rsquo;UNF et que j&rsquo;ai \u00e9t\u00e9 \u00e9lu pr\u00e9sident des jeunes des Maritimes en ao\u00fbt 2016. Ce poste officiel m&rsquo;a permis de voyager et de rencontrer d&rsquo;autres jeunes agriculteurs de partout au Canada. \u00catre t\u00e9moin de cette belle \u00e9nergie qui existe dans tout le pays m&rsquo;a fait le plus grand bien. Il y a de l&rsquo;espoir et les choses changent petit \u00e0 petit. Nous ne sommes pas seuls.<\/span><\/p>\n<p id=\"tw-target-text\" class=\"tw-data-text tw-text-large tw-ta\" dir=\"ltr\" data-placeholder=\"Translation\"><strong><span class=\"Y2IQFc\" lang=\"fr\">R\u00e9seau d&rsquo;apprentis et de travailleurs agricoles <\/span><\/strong><b>(FAWN)<\/b><\/p>\n<div id=\"tw-container\" class=\"\" data-cp=\"1\" data-is-ver=\"false\" data-nnttsvi=\"1\" data-sm=\"1\" data-sugg-time=\"500\" data-sugg-url=\"https:\/\/clients1.google.com\/complete\/search\" data-uilc=\"en\">\n<div id=\"tw-ob\" class=\"tw-src-ltr\">\n<div class=\"oSioSc\">\n<div id=\"tw-target\" class=\"\">\n<div id=\"kAz1tf\" class=\"g9WsWb\">\n<div id=\"tw-target-text-container\" class=\"tw-ta-container F0azHf tw-nfl\" tabindex=\"0\">\n<p id=\"tw-target-text\" class=\"tw-data-text tw-text-large tw-ta\" dir=\"ltr\" data-placeholder=\"Translation\"><span class=\"Y2IQFc\" lang=\"fr\">S&rsquo;il existe encore de nombreuses autres organisations, je terminerai ce texte en parlant de FAWN. C&rsquo;est un r\u00e9seau que la plupart d&rsquo;entre vous ne connaissent peut-\u00eatre pas mais qui est, \u00e0 mon avis, primordial. Le but de ce r\u00e9seau est de r\u00e9unir des ouvriers agricoles et des apprentis des Maritimes une fois par mois sur une ferme diff\u00e9rente pour cr\u00e9er un espace o\u00f9 un agriculteur peut partager son savoir-faire pendant quelques heures en \u00e9change d&rsquo;une abeille b\u00e9n\u00e9vole. Le tout est compl\u00e9t\u00e9 par un repas-partage avec un agriculteur et du temps pour socialiser et partager les exp\u00e9riences que chaque personne vit sur la ferme o\u00f9 elle travaille. Si vous ne faites pas partie de ce r\u00e9seau, en tant qu&rsquo;agriculteur, ouvrier, apprenti ou futur apprenti, rejoignez-nous d\u00e8s aujourd&rsquo;hui ! Le r\u00e9seau travaillera avec les jeunes agrariens dans les mois \u00e0 venir. Restez \u00e0 l&rsquo;\u00e9coute!<\/span><\/p>\n<\/div>\n<\/div>\n<\/div>\n<\/div>\n<\/div>\n<\/div>\n<p>[\/vc_column_text][\/vc_column_inner][\/vc_row_inner][\/vc_column][\/vc_row]<\/p>\n<\/div>","protected":false},"excerpt":{"rendered":"<p>[vc_row css=\u00a0\u00bb.vc_custom_1481788607477{padding-top: 30px !important;padding-bottom: 100px !important;}\u00a0\u00bb][vc_column][vc_row_inner equal_height=\u00a0\u00bbyes\u00a0\u00bb content_placement=\u00a0\u00bbmiddle\u00a0\u00bb][vc_column_inner width=\u00a0\u00bb1\/2&Prime;][vc_column_text] La NFU Youth est un r\u00e9seau de jeunes Canadiens d\u00e9termin\u00e9s \u00e0 b\u00e2tir un syst\u00e8me alimentaire \u00e9conomiquement viable pour les fermes familiales, [&hellip;]<\/p>\n","protected":false},"author":1,"featured_media":0,"parent":11741,"menu_order":2,"comment_status":"closed","ping_status":"closed","template":"","meta":{"footnotes":""},"class_list":["post-11750","page","type-page","status-publish","hentry"],"yoast_head":"<!-- This site is optimized with the Yoast SEO plugin v26.7 - https:\/\/yoast.com\/wordpress\/plugins\/seo\/ -->\n<title>La jeunesse de l&#039;UNF - National Farmers Union in New Brunswick<\/title>\n<meta name=\"robots\" content=\"index, follow, max-snippet:-1, max-image-preview:large, max-video-preview:-1\" \/>\n<link rel=\"canonical\" href=\"https:\/\/www.nfunb.org\/fr\/devenir-membre\/la-jeunesse-de-l-unf\/\" \/>\n<meta property=\"og:locale\" content=\"fr_FR\" \/>\n<meta property=\"og:type\" content=\"article\" \/>\n<meta property=\"og:title\" content=\"La jeunesse de l&#039;UNF - National Farmers Union in New Brunswick\" \/>\n<meta property=\"og:description\" content=\"[vc_row css=\u00a0\u00bb.vc_custom_1481788607477{padding-top: 30px !important;padding-bottom: 100px !important;}\u00a0\u00bb][vc_column][vc_row_inner equal_height=\u00a0\u00bbyes\u00a0\u00bb content_placement=\u00a0\u00bbmiddle\u00a0\u00bb][vc_column_inner width=\u00a0\u00bb1\/2&Prime;][vc_column_text] La NFU Youth est un r\u00e9seau de jeunes Canadiens d\u00e9termin\u00e9s \u00e0 b\u00e2tir un syst\u00e8me alimentaire \u00e9conomiquement viable pour les fermes familiales, [&hellip;]\" \/>\n<meta property=\"og:url\" content=\"https:\/\/www.nfunb.org\/fr\/devenir-membre\/la-jeunesse-de-l-unf\/\" \/>\n<meta property=\"og:site_name\" content=\"National Farmers Union in New Brunswick\" \/>\n<meta property=\"article:publisher\" content=\"https:\/\/www.facebook.com\/NFUinNB\" \/>\n<meta property=\"article:modified_time\" content=\"2022-02-11T15:46:44+00:00\" \/>\n<meta name=\"twitter:card\" content=\"summary_large_image\" \/>\n<meta name=\"twitter:label1\" content=\"Dur\u00e9e de lecture estim\u00e9e\" \/>\n\t<meta name=\"twitter:data1\" content=\"7 minutes\" \/>\n<script type=\"application\/ld+json\" class=\"yoast-schema-graph\">{\"@context\":\"https:\/\/schema.org\",\"@graph\":[{\"@type\":\"WebPage\",\"@id\":\"https:\/\/www.nfunb.org\/fr\/devenir-membre\/la-jeunesse-de-l-unf\/\",\"url\":\"https:\/\/www.nfunb.org\/fr\/devenir-membre\/la-jeunesse-de-l-unf\/\",\"name\":\"La jeunesse de l'UNF - National Farmers Union in New Brunswick\",\"isPartOf\":{\"@id\":\"https:\/\/www.nfunb.org\/fr\/#website\"},\"datePublished\":\"2021-12-20T13:16:30+00:00\",\"dateModified\":\"2022-02-11T15:46:44+00:00\",\"breadcrumb\":{\"@id\":\"https:\/\/www.nfunb.org\/fr\/devenir-membre\/la-jeunesse-de-l-unf\/#breadcrumb\"},\"inLanguage\":\"fr-FR\",\"potentialAction\":[{\"@type\":\"ReadAction\",\"target\":[\"https:\/\/www.nfunb.org\/fr\/devenir-membre\/la-jeunesse-de-l-unf\/\"]}]},{\"@type\":\"BreadcrumbList\",\"@id\":\"https:\/\/www.nfunb.org\/fr\/devenir-membre\/la-jeunesse-de-l-unf\/#breadcrumb\",\"itemListElement\":[{\"@type\":\"ListItem\",\"position\":1,\"name\":\"Home\",\"item\":\"https:\/\/www.nfunb.org\/fr\/home\/\"},{\"@type\":\"ListItem\",\"position\":2,\"name\":\"Devenir membre\",\"item\":\"https:\/\/www.nfunb.org\/fr\/devenir-membre\/\"},{\"@type\":\"ListItem\",\"position\":3,\"name\":\"La jeunesse de l&#8217;UNF\"}]},{\"@type\":\"WebSite\",\"@id\":\"https:\/\/www.nfunb.org\/fr\/#website\",\"url\":\"https:\/\/www.nfunb.org\/fr\/\",\"name\":\"National Farmers Union in New Brunswick\",\"description\":\"Strong Communities. Sound Policies. Sustainable Farms\",\"publisher\":{\"@id\":\"https:\/\/www.nfunb.org\/fr\/#organization\"},\"potentialAction\":[{\"@type\":\"SearchAction\",\"target\":{\"@type\":\"EntryPoint\",\"urlTemplate\":\"https:\/\/www.nfunb.org\/fr\/?s={search_term_string}\"},\"query-input\":{\"@type\":\"PropertyValueSpecification\",\"valueRequired\":true,\"valueName\":\"search_term_string\"}}],\"inLanguage\":\"fr-FR\"},{\"@type\":\"Organization\",\"@id\":\"https:\/\/www.nfunb.org\/fr\/#organization\",\"name\":\"National Farmers Union in New Brunswick\",\"url\":\"https:\/\/www.nfunb.org\/fr\/\",\"logo\":{\"@type\":\"ImageObject\",\"inLanguage\":\"fr-FR\",\"@id\":\"https:\/\/www.nfunb.org\/fr\/#\/schema\/logo\/image\/\",\"url\":\"https:\/\/www.nfunb.org\/wp-content\/uploads\/2022\/01\/NFU_logo_CircleNB.png\",\"contentUrl\":\"https:\/\/www.nfunb.org\/wp-content\/uploads\/2022\/01\/NFU_logo_CircleNB.png\",\"width\":480,\"height\":480,\"caption\":\"National Farmers Union in New Brunswick\"},\"image\":{\"@id\":\"https:\/\/www.nfunb.org\/fr\/#\/schema\/logo\/image\/\"},\"sameAs\":[\"https:\/\/www.facebook.com\/NFUinNB\",\"https:\/\/www.instagram.com\/nfu.unf.nb\/\"]}]}<\/script>\n<!-- \/ Yoast SEO plugin. -->","yoast_head_json":{"title":"La jeunesse de l'UNF - National Farmers Union in New Brunswick","robots":{"index":"index","follow":"follow","max-snippet":"max-snippet:-1","max-image-preview":"max-image-preview:large","max-video-preview":"max-video-preview:-1"},"canonical":"https:\/\/www.nfunb.org\/fr\/devenir-membre\/la-jeunesse-de-l-unf\/","og_locale":"fr_FR","og_type":"article","og_title":"La jeunesse de l'UNF - National Farmers Union in New Brunswick","og_description":"[vc_row css=\u00a0\u00bb.vc_custom_1481788607477{padding-top: 30px !important;padding-bottom: 100px !important;}\u00a0\u00bb][vc_column][vc_row_inner equal_height=\u00a0\u00bbyes\u00a0\u00bb content_placement=\u00a0\u00bbmiddle\u00a0\u00bb][vc_column_inner width=\u00a0\u00bb1\/2&Prime;][vc_column_text] La NFU Youth est un r\u00e9seau de jeunes Canadiens d\u00e9termin\u00e9s \u00e0 b\u00e2tir un syst\u00e8me alimentaire \u00e9conomiquement viable pour les fermes familiales, [&hellip;]","og_url":"https:\/\/www.nfunb.org\/fr\/devenir-membre\/la-jeunesse-de-l-unf\/","og_site_name":"National Farmers Union in New Brunswick","article_publisher":"https:\/\/www.facebook.com\/NFUinNB","article_modified_time":"2022-02-11T15:46:44+00:00","twitter_card":"summary_large_image","twitter_misc":{"Dur\u00e9e de lecture estim\u00e9e":"7 minutes"},"schema":{"@context":"https:\/\/schema.org","@graph":[{"@type":"WebPage","@id":"https:\/\/www.nfunb.org\/fr\/devenir-membre\/la-jeunesse-de-l-unf\/","url":"https:\/\/www.nfunb.org\/fr\/devenir-membre\/la-jeunesse-de-l-unf\/","name":"La jeunesse de l'UNF - National Farmers Union in New Brunswick","isPartOf":{"@id":"https:\/\/www.nfunb.org\/fr\/#website"},"datePublished":"2021-12-20T13:16:30+00:00","dateModified":"2022-02-11T15:46:44+00:00","breadcrumb":{"@id":"https:\/\/www.nfunb.org\/fr\/devenir-membre\/la-jeunesse-de-l-unf\/#breadcrumb"},"inLanguage":"fr-FR","potentialAction":[{"@type":"ReadAction","target":["https:\/\/www.nfunb.org\/fr\/devenir-membre\/la-jeunesse-de-l-unf\/"]}]},{"@type":"BreadcrumbList","@id":"https:\/\/www.nfunb.org\/fr\/devenir-membre\/la-jeunesse-de-l-unf\/#breadcrumb","itemListElement":[{"@type":"ListItem","position":1,"name":"Home","item":"https:\/\/www.nfunb.org\/fr\/home\/"},{"@type":"ListItem","position":2,"name":"Devenir membre","item":"https:\/\/www.nfunb.org\/fr\/devenir-membre\/"},{"@type":"ListItem","position":3,"name":"La jeunesse de l&#8217;UNF"}]},{"@type":"WebSite","@id":"https:\/\/www.nfunb.org\/fr\/#website","url":"https:\/\/www.nfunb.org\/fr\/","name":"National Farmers Union in New Brunswick","description":"Strong Communities. Sound Policies. Sustainable Farms","publisher":{"@id":"https:\/\/www.nfunb.org\/fr\/#organization"},"potentialAction":[{"@type":"SearchAction","target":{"@type":"EntryPoint","urlTemplate":"https:\/\/www.nfunb.org\/fr\/?s={search_term_string}"},"query-input":{"@type":"PropertyValueSpecification","valueRequired":true,"valueName":"search_term_string"}}],"inLanguage":"fr-FR"},{"@type":"Organization","@id":"https:\/\/www.nfunb.org\/fr\/#organization","name":"National Farmers Union in New Brunswick","url":"https:\/\/www.nfunb.org\/fr\/","logo":{"@type":"ImageObject","inLanguage":"fr-FR","@id":"https:\/\/www.nfunb.org\/fr\/#\/schema\/logo\/image\/","url":"https:\/\/www.nfunb.org\/wp-content\/uploads\/2022\/01\/NFU_logo_CircleNB.png","contentUrl":"https:\/\/www.nfunb.org\/wp-content\/uploads\/2022\/01\/NFU_logo_CircleNB.png","width":480,"height":480,"caption":"National Farmers Union in New Brunswick"},"image":{"@id":"https:\/\/www.nfunb.org\/fr\/#\/schema\/logo\/image\/"},"sameAs":["https:\/\/www.facebook.com\/NFUinNB","https:\/\/www.instagram.com\/nfu.unf.nb\/"]}]}},"_links":{"self":[{"href":"https:\/\/www.nfunb.org\/fr\/wp-json\/wp\/v2\/pages\/11750","targetHints":{"allow":["GET"]}}],"collection":[{"href":"https:\/\/www.nfunb.org\/fr\/wp-json\/wp\/v2\/pages"}],"about":[{"href":"https:\/\/www.nfunb.org\/fr\/wp-json\/wp\/v2\/types\/page"}],"author":[{"embeddable":true,"href":"https:\/\/www.nfunb.org\/fr\/wp-json\/wp\/v2\/users\/1"}],"replies":[{"embeddable":true,"href":"https:\/\/www.nfunb.org\/fr\/wp-json\/wp\/v2\/comments?post=11750"}],"version-history":[{"count":4,"href":"https:\/\/www.nfunb.org\/fr\/wp-json\/wp\/v2\/pages\/11750\/revisions"}],"predecessor-version":[{"id":12886,"href":"https:\/\/www.nfunb.org\/fr\/wp-json\/wp\/v2\/pages\/11750\/revisions\/12886"}],"up":[{"embeddable":true,"href":"https:\/\/www.nfunb.org\/fr\/wp-json\/wp\/v2\/pages\/11741"}],"wp:attachment":[{"href":"https:\/\/www.nfunb.org\/fr\/wp-json\/wp\/v2\/media?parent=11750"}],"curies":[{"name":"wp","href":"https:\/\/api.w.org\/{rel}","templated":true}]}}