{"id":11758,"date":"2016-11-23T05:02:50","date_gmt":"2016-11-23T05:02:50","guid":{"rendered":"https:\/\/nfunb.org\/wordpress\/communications\/"},"modified":"2022-02-11T11:52:49","modified_gmt":"2022-02-11T15:52:49","slug":"communications","status":"publish","type":"page","link":"https:\/\/www.nfunb.org\/fr\/communications\/","title":{"rendered":"Communications"},"content":{"rendered":"<div class=\"wpb-content-wrapper\"><p>[vc_row][vc_column]<div class=\"ult-animation  ult-animate-viewport  ult-no-mobile \" data-animate=\"bounceInDown\" data-animation-delay=\"0.5\" data-animation-duration=\"1\" data-animation-iteration=\"1\" style=\"opacity:0;\" data-opacity_start_effect=\"\"><div class='dt-sc-section-title alignleft  vc_custom_1642451774264'><h2><span>L'UNFNB communique r\u00e9guli\u00e8rement<\/span> <\/h2><p>avec nos membres et le public par divers moyens.<\/p><\/div><\/div>[\/vc_column][\/vc_row][vc_row css=\u00a0\u00bb.vc_custom_1482928181508{padding-bottom: 100px !important;}\u00a0\u00bb][vc_column width=\u00a0\u00bb2\/3&Prime; el_class=\u00a0\u00bbrs_col-sm-12&Prime; offset=\u00a0\u00bbvc_col-lg-8 vc_col-md-6&Prime;]<div class=\"ult-animation  ult-animate-viewport  ult-no-mobile \" data-animate=\"fadeInLeft\" data-animation-delay=\"0.8\" data-animation-duration=\"1\" data-animation-iteration=\"1\" style=\"opacity:0;\" data-opacity_start_effect=\"\"><div class='dt-sc-toggle-frame-set type2 '><div class=\"dt-sc-toggle-frame\">\t<h5 class='dt-sc-toggle-accordion '><a href='#'>\u00bbCommuniqu\u00e9s<\/a><\/h5>\t<div class=\"dt-sc-toggle-content\" style=\"display: none;\">\t\t<div class=\"block\">[vc_column_text css=\u00a0\u00bb.vc_custom_1644246524311{margin-bottom: 0px !important;}\u00a0\u00bb]<\/p>\n<ul>\n<li><a href=\"https:\/\/nfunb.org\/wordpress\/fr\/communications\/communiques-de-presse\/\">Communiqu\u00e9s de presse de l&rsquo;UNF-NB<\/a><\/li>\n<li><a href=\"https:\/\/www.nfu.ca\/fr\/category\/media-release\/\" target=\"_blank\" rel=\"noopener\">Communiqu\u00e9s de presse du bureau national de l&rsquo;UNF<\/a><\/li>\n<\/ul>\n<p>[\/vc_column_text]\t\t<\/div>\t<\/div><\/div><div class=\"dt-sc-toggle-frame\">\t<h5 class='dt-sc-toggle-accordion '><a href='#'>\u00bbDans<\/a><\/h5>\t<div class=\"dt-sc-toggle-content\" style=\"display: none;\">\t\t<div class=\"block\">[vc_column_text css=\u00a0\u00bb.vc_custom_1642619038631{margin-bottom: 0px !important;}\u00a0\u00bb]<\/p>\n<h3 id=\"tw-target-text\" class=\"tw-data-text tw-text-large tw-ta\" dir=\"ltr\" data-placeholder=\"Translation\"><span class=\"Y2IQFc\" lang=\"fr\">Vous trouverez ci-dessous des liens vers des articles de presse o\u00f9 l&rsquo;UNFNB a \u00e9t\u00e9 pr\u00e9sent\u00e9 dans un magazine, un journal, \u00e0 la t\u00e9l\u00e9vision ou \u00e0 la radio.<\/span><\/h3>\n<h3 id=\"tw-target-text\" class=\"tw-data-text tw-text-large tw-ta\" dir=\"ltr\" data-placeholder=\"Translation\"><span class=\"Y2IQFc\" lang=\"fr\">Si vous nous voyez dans les m\u00e9dias, faites-le nous savoir\u00a0et nous l&rsquo;ajouterons \u00e0 la liste pour que les autres puissent \u00e9galement le voir\u00a0!<\/span><\/h3>\n<h2>2015<\/h2>\n<p><strong>Juin 1, 2015:<\/strong>\u00a0<em>Radio-Canada<\/em><\/p>\n<p><a href=\"http:\/\/ici.radio-canada.ca\/regions\/atlantique\/2015\/06\/01\/001-consommation-produits-locaux-nouveau-brunswick.shtml?utm_source=dlvr.it&amp;utm_medium=twitter\" target=\"_blank\" rel=\"noopener\">La consommation de produits locaux pr\u00e9sent\u00e9e comme un moteur de d\u00e9veloppement\u00a0<\/a><\/p>\n<p><strong>Avril 30, 2015: <\/strong><em><a href=\"http:\/\/ici.radio-canada.ca\/regions\/atlantique\/2015\/04\/30\/003-securite-alimentaire-produits-locaux-projet-loi-verts-fredericton.shtml\" target=\"_blank\" rel=\"noopener\">Radio-Canada<\/a><\/em><\/p>\n<p><a href=\"http:\/\/nfunb.org\/fr\/2015\/04\/radio-canada-des-fermiers-a-fredericton-pour-appuyer-un-projet-de-loi-sur-la-securite-alimentaire\/\" target=\"_blank\" rel=\"noopener\">Des fermiers \u00e0 Fredericton pour appuyer un projet de loi sur la \u00abs\u00e9curit\u00e9 alimentaire\u00bb<\/a><\/p>\n<p><strong>Avril 30, 2015: <\/strong><em><a href=\"http:\/\/www.cbc.ca\/news\/canada\/new-brunswick\/farmers-head-to-fredericton-to-support-food-security-bill-1.3054414\" target=\"_blank\" rel=\"noopener\">CBC<\/a><\/em><\/p>\n<p><a href=\"http:\/\/nfunb.org\/en\/2015\/04\/farmers-head-to-fredericton-to-support-food-security-bill\/\" target=\"_blank\" rel=\"noopener\">Farmers head to Fredericton to support food security bill<\/a><\/p>\n<p><strong>Avril 29, 2015: <\/strong><em><a href=\"http:\/\/www.cbc.ca\/player\/Shows\/ID\/2665891624\/\" target=\"_blank\" rel=\"noopener\">CBC \u2018The Shift\u2019<\/a><\/em><\/p>\n<p><a href=\"http:\/\/nfunb.org\/en\/2015\/04\/cbc-radio-the-shift-supporting-local-food-by-law\/\" target=\"_blank\" rel=\"noopener\">Supporting local food by law (interview Radio)<\/a><\/p>\n<p>&nbsp;<\/p>\n<p><strong>Av<em><a href=\"http:\/\/http\/\/nfunb.org\/en\/2015\/04\/national-farmers-union-hosts-joan-brady\/\"><img loading=\"lazy\" decoding=\"async\" class=\" size-thumbnail wp-image-1583 alignleft\" src=\"http:\/\/nfunb.org\/en\/wp-content\/uploads\/2015\/04\/Joan-Brady-talk-April-2-2015-page-001-150x150.jpg\" alt=\"Joan Brady talk - April 2, 2015-page-001\" width=\"150\" height=\"150\" \/><\/a><\/em>ril 1, 2015:\u00a0<\/strong><a href=\"https:\/\/www.telegraphjournal.com\/victoria-star\/story\/41861337\/national-farmers-union-to\" target=\"_blank\" rel=\"noopener\"><em>The Daily Gleaner<\/em><\/a><\/p>\n<p><a href=\"http:\/\/nfunb.org\/en\/2015\/04\/national-farmers-union-hosts-joan-brady\/\">National Farmers\u2019 Union hosts Joan Brady<\/a><\/p>\n<p>&nbsp;<\/p>\n<p>&nbsp;<\/p>\n<p>&nbsp;<\/p>\n<p><strong>Mars 31, 2015 :<\/strong><a href=\"https:\/\/www.telegraphjournal.com\/telegraph-journal\/story\/41803382\/national-farmers-union-discusses\" target=\"_blank\" rel=\"noopener\"><em>\u00a0The Daily Gleaner<\/em><\/a><a href=\"http:\/\/nfunb.org\/en\/2015\/04\/national-farmers-union-discusses-sustainable-future-climate-change\/\"><img loading=\"lazy\" decoding=\"async\" class=\"alignleft wp-image-937 size-thumbnail\" src=\"http:\/\/nfunb.org\/fr\/wp-content\/uploads\/2015\/04\/Daily-Gleaner-Mar-31-2015-NFU-AGM-150x150.jpg\" alt=\"Daily Gleaner - Mar 31, 2015 NFU AGM\" width=\"150\" height=\"150\" \/><\/a><\/p>\n<p><a title=\"National Farmers Union discusses sustainable future, climate change\" href=\"http:\/\/nfunb.org\/fr\/2015\/04\/national-farmers-union-discusses-sustainable-future-climate-change\/\" target=\"_blank\" rel=\"noopener\">National Farmers Union discusses sustainable future, climate change<\/a><\/p>\n<p>&nbsp;<\/p>\n<p>&nbsp;<\/p>\n<p><strong>Mars 13, 2015 :<\/strong>\u00a0<em>The Daily Gleaner<\/em><\/p>\n<ul>\n<li><a href=\"https:\/\/www.telegraphjournal.com\/telegraph-journal\/story\/41635688\/national-farmers-union-of\" target=\"_blank\" rel=\"noopener\">National Farmers Union of NB Changes date of general meeting due to storm<\/a><\/li>\n<\/ul>\n<p><b>Mars 11, 2015 : <\/b><em><a href=\"https:\/\/www.telegraphjournal.com\/telegraph-journal\/story\/41607888\/national-farmers-union-nb\" target=\"_blank\" rel=\"noopener\">The Daily Gleaner<\/a><\/em><\/p>\n<ul>\n<li><a href=\"https:\/\/www.telegraphjournal.com\/telegraph-journal\/story\/41607888\/national-farmers-union-nb\" target=\"_blank\" rel=\"noopener\">National Farmers Union NB Invites Public to meeting on Sunday<\/a><\/li>\n<\/ul>\n<p><strong>F\u00e9vrier 13, 2015: <\/strong><a href=\"http:\/\/www.cbc.ca\/news\/canada\/new-brunswick\/local-producers-praise-david-coon-s-food-security-bill-1.2956556\" target=\"_blank\" rel=\"noopener\"><em>CBC<\/em><\/a><\/p>\n<ul>\n<li><a href=\"http:\/\/www.cbc.ca\/news\/canada\/new-brunswick\/local-producers-praise-david-coon-s-food-security-bill-1.2956556\" target=\"_blank\" rel=\"noopener\">Local producers praise David Coon\u2019s food security bill<\/a><\/li>\n<\/ul>\n<p><strong>F\u00e9vrier 13, 2015: <\/strong><em>FM 92.9<\/em><\/p>\n<ul>\n<li><a href=\"http:\/\/www.ckle.fm\/actualite\/item\/6122-l%E2%80%99union-nationale-des-fermiers-au-nouveau-brunswick-applaudit-le-projet-de-loi-sur-la-s%C3%A9curit%C3%A9-alimentaire\" target=\"_blank\" rel=\"noopener\">L\u2019Union nationale des fermiers au Nouveau-Brunswick applaudit le projet de Loi sur la s\u00e9curit\u00e9 alimentaire<\/a><\/li>\n<\/ul>\n<p>&nbsp;<\/p>\n<h2>2014<\/h2>\n<p><strong>D\u00e9cembre 30, 2014: <\/strong><em>Radio-Canada<\/em><\/p>\n<ul>\n<li><a href=\"http:\/\/ici.radio-canada.ca\/regions\/atlantique\/2014\/12\/31\/003-industrie-porcine-maritimes-grippe-porcine.shtml\" target=\"_blank\" rel=\"noopener\">Diarrhr\u00e9e \u00e9pidimique porcine : les maritimes \u00e9pargn\u00e9es<\/a><\/li>\n<\/ul>\n<p><strong>D\u00e9cembre 29, 2014:<\/strong>\u00a0<em>CBC<\/em><\/p>\n<ul>\n<li><a href=\"http:\/\/www.cbc.ca\/news\/canada\/new-brunswick\/meat-farmers-say-2014-year-to-remember-after-jump-in-prices-1.2885284\" target=\"_blank\" rel=\"noopener\">Meat farmers say 2014 \u2018year to remember\u2019 after jump in prices<\/a><\/li>\n<\/ul>\n<p><strong>D\u00e9cembre 23, 2014:<\/strong>\u00a0<a href=\"https:\/\/www.telegraphjournal.com\/victoria-star\/story\/40617603\/a-champion-women\"><em>The Victoria Star<\/em><\/a><\/p>\n<ul>\n<li><a href=\"http:\/\/nfunb.org\/en\/2014\/12\/the-victoria-star-a-champion-for-women-in-farming-recognized-for-her-work\/\">A champion for women in farming recognized for her work<\/a><\/li>\n<\/ul>\n<p><strong>D\u00e9cembre 20, 2014:<\/strong>\u00a0<a href=\"http:\/\/www.radio-canada.ca\/widgets\/mediaconsole\/medianet\/7205793\"><em>T\u00e9l\u00e9journal Acadie<\/em><\/a><\/p>\n<ul>\n<li><a href=\"http:\/\/nfunb.org\/en\/2014\/12\/interview-with-telejournal-acadie\/\">Interview with Jean-Eudes Chiasson, NFUNB President on high cattle prices<\/a><\/li>\n<\/ul>\n<p><strong>D\u00e9cembre 20, 2014:<\/strong>\u00a0<em>Radio-Canada<\/em><\/p>\n<ul>\n<li><a href=\"http:\/\/ici.radio-canada.ca\/regions\/atlantique\/2014\/12\/20\/001-prix-boeuf-porc-nouveau-brunswick.shtml\" target=\"_blank\" rel=\"noopener\">Production de viande\u00a0: remont\u00e9e spectaculaire des prix en 2014<\/a><\/li>\n<\/ul>\n<p><strong>D\u00e9cembre 19, 2014:<\/strong>\u00a0\u00a0<a href=\"https:\/\/www.telegraphjournal.com\/times-transcript\/story\/40580368\/provinces-cattle-prices\"><em>Times &amp; Transcript<\/em><\/a><\/p>\n<ul>\n<li><a href=\"http:\/\/nfunb.org\/en\/2014\/12\/provinces-cattle-prices-the-highest-in-a-decade\/\">Province\u2019s cattle prices highest in a decade<\/a><\/li>\n<\/ul>\n<p><strong>D\u00e9cembre 10, 2014:<\/strong>\u00a0\u00a0<em><a href=\"https:\/\/www.telegraphjournal.com\/daily-gleaner\/story\/40483693\/farming-industry-faces-shrinking\">The Daily Gleaner<\/a>\u00a0<\/em>or\u00a0<em><a href=\"https:\/\/www.telegraphjournal.com\/daily-gleaner\/story\/40431906\/n-b-farming-industry-still\">Times &amp; Transcript<\/a><\/em><\/p>\n<ul>\n<li><a href=\"http:\/\/nfunb.org\/en\/2014\/12\/the-daily-gleaner-farming-industry-faces-shrinking-aging-numbers\/\">Farming industry faces shrinking, aging numbers<\/a><\/li>\n<\/ul>\n<p><strong>Octobre 20, 2014<\/strong>:\u00a0<em>Woodstock Bugle Observer<\/em><\/p>\n<ul>\n<li><a href=\"https:\/\/www.telegraphjournal.com\/telegraph-journal\/story\/39732006\/nfu-reflects-role-of\" target=\"_blank\" rel=\"noopener\">NFU reflects on role of family farms on World Food Day<\/a><\/li>\n<\/ul>\n<p><strong>Ao\u00fbt 29, 2014:<\/strong>\u00a0<em>Woodstock Bugle-Observer<\/em><\/p>\n<ul>\n<li><a href=\"https:\/\/www.telegraphjournal.com\/telegraph-journal\/story\/39011312\/farmers-union-awards-scholarships\" target=\"_blank\" rel=\"noopener\">Farmers union awards scholarships at AGM<\/a><\/li>\n<\/ul>\n<p><strong>Ao\u00fbt 7, 2014:<\/strong>\u00a0<em>Woodstock Bugle-Observe<\/em>r<\/p>\n<ul>\n<li><a href=\"https:\/\/www.telegraphjournal.com\/telegraph-journal\/story\/36594763\/farmers-to-discuss-better\" target=\"_blank\" rel=\"noopener\">Farmers to discuss marketing strategies at annual meeting<\/a><\/li>\n<\/ul>\n<p><strong>Mai 5, 2014: <\/strong><em>Commentary, Telegraph Journal<\/em><\/p>\n<ul>\n<li><a href=\"https:\/\/www.telegraphjournal.com\/telegraph-journal\/story\/37095190\/changes-to-agricultural-legislation\" target=\"_blank\" rel=\"noopener\">Changes to agricultural legislation patently absurd<\/a>,\u00a0<em>Randall Affleck, NFU Region 1 Director<\/em><\/li>\n<\/ul>\n<p><strong>Avril 28, 2014:<\/strong>\u00a0<em>Opinion, Telegraph Journal<\/em><\/p>\n<ul>\n<li><a href=\"https:\/\/www.telegraphjournal.com\/telegraph-journal\/story\/37291766\/quiet-attack-on\" target=\"_blank\" rel=\"noopener\">The quiet attack on farms and food,<\/a>\u00a0<em>Betty Brown, NFU Director<\/em><\/li>\n<\/ul>\n<p><strong>Avril 2014: <\/strong><em>The Gagetown Gazette<\/em><\/p>\n<ul>\n<li><a href=\"http:\/\/nfunb.org\/en\/wp-content\/uploads\/2014\/12\/farmersunion-Gagetown-Gazette.pdf\">National Farmers Union N.B. Chapter Has Annual General Meeting in the Village of Gagetown<\/a>\u00a0(pdf)<\/li>\n<\/ul>\n<p><strong>Mars 17, 2014: <\/strong><em>Radio Canada<\/em><\/p>\n<ul>\n<li><a href=\"http:\/\/ici.radio-canada.ca\/regions\/atlantique\/2014\/03\/17\/001-reunion-agriculteurs-nouveau-brunswick.shtml\" target=\"_blank\" rel=\"noopener\">Des agriculteurs au Nouveau-Brunswick misent sur la coop\u00e9ration<\/a><\/li>\n<\/ul>\n<p><strong>Mars 10, 2014:<\/strong>\u00a0<em>Woodstock Bugle-Observer<\/em><\/p>\n<ul>\n<li><a href=\"https:\/\/www.telegraphjournal.com\/telegraph-journal\/story\/36628605\/nfu-to-meet-in\" target=\"_blank\" rel=\"noopener\">NFU to meet in Oromocto<\/a><\/li>\n<\/ul>\n<p><strong>Mars 10, 2014:<\/strong>\u00a0<em>Grand Falls Victoria Star<\/em><\/p>\n<ul>\n<li><a href=\"https:\/\/www.telegraphjournal.com\/telegraph-journal\/story\/36594763\/farmers-to-discuss-better\" target=\"_blank\" rel=\"noopener\">Farmers to discuss better farming, food systems at annual meeting<\/a><\/li>\n<\/ul>\n<p><strong>Mars 7, 2014:<\/strong>\u00a0<em>The Daily Gleaner<\/em><\/p>\n<ul>\n<li><a href=\"https:\/\/www.telegraphjournal.com\/telegraph-journal\/story\/36609044\/nb-farmers-holding-annual\" target=\"_blank\" rel=\"noopener\">NB farmers holding annual meeting at Gagetown<\/a><\/li>\n<\/ul>\n<p><strong>Janvier 12, 2014: <\/strong><em>The Daily Gleaner<\/em><\/p>\n<ul>\n<li><a href=\"https:\/\/www.telegraphjournal.com\/telegraph-journal\/story\/35783748\" target=\"_blank\" rel=\"noopener\">Province eyes loosening daycare subsidy criteria<\/a><\/li>\n<\/ul>\n<p><strong>Janvier 10, 2014: <\/strong><em>Telegraph Journal<\/em><\/p>\n<ul>\n<li><a href=\"https:\/\/www.telegraphjournal.com\/telegraph-journal\/story\/35795087\" target=\"_blank\" rel=\"noopener\">Union hopeful for daycare subsidy<\/a><\/li>\n<\/ul>\n<h2><\/h2>\n<h2>2013<\/h2>\n<p><strong>D\u00e9cembre 27, 2013:<\/strong>\u00a0\u00a0<a href=\"https:\/\/www.telegraphjournal.com\/telegraph-journal\/story\/35589508\"><em>Letters, Woodstock Bugle-Observer<\/em><\/a><\/p>\n<ul>\n<li>New credit insurance shift will end up harming farmers,\u00a0<em>Terry Boehm, NFU President<\/em><\/li>\n<\/ul>\n<p><strong>D\u00e9cembre 16, 2013: <\/strong><em><a href=\"https:\/\/www.telegraphjournal.com\/telegraph-journal\/story\/35445500\/say-no-to-upov-bni\">Commentary, Telegraph Journal<\/a><\/em><\/p>\n<ul>\n<li>Say no to UPOV\u201991,\u00a0<em>Matt Gehl, NFU Board member<\/em><\/li>\n<\/ul>\n<p><strong>Novembre 18, 2013: <\/strong><a href=\"https:\/\/www.telegraphjournal.com\/telegraph-journal\/story\/35047755\/minister-ritz-sells-out-bni\"><em>Commentary, Woodstock Bugle-Observer<\/em><\/a><\/p>\n<ul>\n<li>Minister Ritz sells out farmers again,\u00a0<em>NFU NB<\/em><\/li>\n<\/ul>\n<p><strong>Octobre 1, 2013: <\/strong><em><a href=\"https:\/\/www.telegraphjournal.com\/telegraph-journal\/story\/34239486\">Commentary: Telegraph Journal<\/a><\/em><\/p>\n<ul>\n<li>Farmers union supports blueberry producers,\u00a0<em>Jean-Eudes Chiasson, NFUNB President<\/em><\/li>\n<\/ul>\n<p><strong>Ao\u00fbt 7, 2013:<\/strong><em>\u00a0<a href=\"http:\/\/ici.radio-canada.ca\/regions\/atlantique\/2013\/08\/07\/003-fermes-familiales-union-nationale-fermiers-maritimes.shtml\">Radio Canada<\/a><\/em><\/p>\n<ul>\n<li>L\u2019avenir des fermes familiales dans les Maritimes inspire de l\u2019inqui\u00e9tude<\/li>\n<\/ul>\n<p><strong>Ao\u00fbt 6, 2013:<\/strong>\u00a0<em><a href=\"http:\/\/m.radio-canada.ca\/regions\/atlantique\/2013\/08\/06\/004-reunion-agriculteurs-maritimes.shtml\">Radio-Canada<\/a><\/em><\/p>\n<ul>\n<li>Des agriculteurs des maritimes se concertent<\/li>\n<\/ul>\n<p><strong>Juillet 3, 2013:<\/strong>\u00a0<em><a href=\"http:\/\/ici.radio-canada.ca\/regions\/atlantique\/2013\/07\/03\/007-agriculteur-garderies-nouveau-brunswick.shtml\">Radio-Canada<\/a><\/em><\/p>\n<ul>\n<li>Garderies : des agriculteurs au N.-B. demandent de l\u2019aide<\/li>\n<\/ul>\n<p><strong>Juin 3, 2013: <\/strong><a href=\"http:\/\/www.acadienouvelle.com\/mon-opinion\/2013\/06\/03\/et-les-travailleurs-autonomes\/\"><em>Opinion: Acadie Nouvelle<\/em><\/a><\/p>\n<ul>\n<li>Et les travailleurs autonomes ?,\u00a0<em>Eva Rehak, former NFU-NB Women\u2019s President<\/em><\/li>\n<\/ul>\n<p><strong>Avril 11, 2013:<\/strong>\u00a0<a href=\"http:\/\/ici.radio-canada.ca\/regions\/atlantique\/2013\/04\/10\/011-etiquette-produits-locaux.shtml#!\"><em>Radio-Canada<\/em><\/a><\/p>\n<ul>\n<li>Des agriculteurs veulent que leurs produits se distinguent sur les \u00e9talages<\/li>\n<\/ul>\n<p><strong>Avril 9, 2013: <\/strong><em><a href=\"http:\/\/www.cbc.ca\/news\/canada\/windsor\/genetically-modified-alfalfa-protested-by-canadian-farmers-1.1380249\">CBC<\/a><\/em><\/p>\n<ul>\n<li>Genetically modified alfalfa protested by Canadian farmers<\/li>\n<\/ul>\n<p>&nbsp;<\/p>\n<h2>\u00a02012<\/h2>\n<p><strong>Ao\u00fbt 28, 2012: <\/strong><a href=\"http:\/\/www.acadienouvelle.com\/actualites\/2012\/08\/28\/trop-dependants-des-aliments-d-ailleurs\/\"><em>Acadie Nouvelle<\/em><\/a><\/p>\n<ul>\n<li>Trop d\u00e9pendants des aliments d\u2019ailleurs<\/li>\n<\/ul>\n<p><strong>Juin 29, 2012<\/strong>:\u00a0<a href=\"http:\/\/www.acadienouvelle.com\/mon-opinion\/2012\/06\/29\/l-agriculture-au-feminin\/\"><em>Opinion, Acadie Nouvelle<\/em><\/a><\/p>\n<ul>\n<li>L\u2019agriculture au f\u00e9minin,\u00a0<em>Jean-Eudes Chiasson, NFU-NB President<\/em><\/li>\n<\/ul>\n<p><strong>\u00a0Juin 19, 2012:<\/strong>\u00a0<em><a href=\"http:\/\/www.acadienouvelle.com\/actualites\/2012\/04\/19\/palais-legislatif-le-pommier-a-ete-retire\/\">Acadie Nouvelle<\/a><\/em><\/p>\n<ul>\n<li>Palais l\u00e9gislatif : le pommier a \u00e9t\u00e9 retir\u00e9<\/li>\n<\/ul>\n<p><strong>\u00a0Juin 18, 2012:<\/strong>\u00a0<em><a href=\"http:\/\/www.acadienouvelle.com\/actualites\/2012\/04\/18\/les-agriculteurs-du-n-b-exigent-de-meilleures-subventions\/\">Acadie Nouvelle<\/a><\/em><\/p>\n<ul>\n<li>Les agricultures du N.-B. exigent des meilleurs subventions<\/li>\n<\/ul>\n<p>[\/vc_column_text]\t\t<\/div>\t<\/div><\/div><div class=\"dt-sc-toggle-frame\">\t<h5 class='dt-sc-toggle-accordion '><a href='#'>\u00bbLe<\/a><\/h5>\t<div class=\"dt-sc-toggle-content\" style=\"display: none;\">\t\t<div class=\"block\">[vc_column_text css=\u00a0\u00bb.vc_custom_1642619149286{margin-bottom: 0px !important;}\u00a0\u00bb]<\/p>\n<ul>\n<li id=\"tw-target-text\" class=\"tw-data-text tw-text-large tw-ta\" dir=\"ltr\" data-placeholder=\"Translation\"><span class=\"Y2IQFc\" lang=\"fr\">Un bulletin pr\u00e9par\u00e9 par notre bureau national, envoy\u00e9 par courriel \u00e0 tous les membres agricoles et associ\u00e9s du pays.<\/span><\/li>\n<li><a href=\"https:\/\/www.nfu.ca\/pubtypes\/union-farmer-quarterly\/\" target=\"_blank\" rel=\"noopener\"> Cliquez ici pour les \u00e9ditions pr\u00e9c\u00e9dentes.<\/a>.<\/li>\n<\/ul>\n<p>[\/vc_column_text]\t\t<\/div>\t<\/div><\/div><div class=\"dt-sc-toggle-frame\">\t<h5 class='dt-sc-toggle-accordion '><a href='#'>\u00bbLe<\/a><\/h5>\t<div class=\"dt-sc-toggle-content\" style=\"display: none;\">\t\t<div class=\"block\">[vc_column_text css=\u00a0\u00bb.vc_custom_1642619273164{margin-bottom: 0px !important;}\u00a0\u00bb]<\/p>\n<ul>\n<li id=\"tw-target-text\" class=\"tw-data-text tw-text-large tw-ta\" dir=\"ltr\" data-placeholder=\"Translation\"><span class=\"Y2IQFc\" lang=\"fr\">Un bref bulletin d&rsquo;information occasionnel pour les questions urgentes entre les \u00e9ditions trimestrielles.<\/span><\/li>\n<li><a href=\"https:\/\/www.nfu.ca\/pubtypes\/nfu-newsletter\/\" target=\"_blank\" rel=\"noopener\">Lire les \u00e9ditions pr\u00e9c\u00e9dentes ici<\/a>.<\/li>\n<\/ul>\n<p>[\/vc_column_text]\t\t<\/div>\t<\/div><\/div><\/div>[vc_row_inner][vc_column_inner width=\u00a0\u00bb1\/2&Prime;]<a href='https:\/\/nfunb.org\/wordpress\/fr\/communications\/bulletins-electroniques\/' target='_self' title='E-newsletters' class='dt-sc-button   large icon-right with-icon  filled  '  style=\"color:#ffffff;\"> Bulletin \u00e9lectronique mensuel <span class='lnr lnr-arrow-right'> <\/span><\/a>[\/vc_column_inner][vc_column_inner width=\u00a0\u00bb1\/2&Prime;]<a href='https:\/\/nfunb.org\/wordpress\/fr\/communications\/agriculteur-familial-du-nb\/' target='_self' title='E-newsletters' class='dt-sc-button   large icon-right with-icon  filled  '  style=\"color:#ffffff;\"> L'agriculteur familial du N.-B. <span class='lnr lnr-arrow-right'> <\/span><\/a>[\/vc_column_inner][\/vc_row_inner]<\/div>[\/vc_column][vc_column width=\u00a0\u00bb1\/3&Prime; el_class=\u00a0\u00bbrs_col-sm-12&Prime; offset=\u00a0\u00bbvc_col-lg-4 vc_col-md-6&Prime;]<div class='dt-sc-clear '> <\/div><div class=\"ult-animation  ult-animate-viewport  ult-no-mobile \" data-animate=\"zoomInDown\" data-animation-delay=\"1.1\" data-animation-duration=\"1\" data-animation-iteration=\"1\" style=\"opacity:0;\" data-opacity_start_effect=\"\"><img loading=\"lazy\" decoding=\"async\" width=\"370\" height=\"287\" src=\"https:\/\/www.nfunb.org\/wp-content\/uploads\/2022\/01\/adFR.jpg\" class=\"alignleft attachment-full\" alt=\"\" title=\"adFR\" srcset=\"https:\/\/www.nfunb.org\/wp-content\/uploads\/2022\/01\/adFR.jpg 370w, https:\/\/www.nfunb.org\/wp-content\/uploads\/2022\/01\/adFR-300x233.jpg 300w\" sizes=\"auto, (max-width: 370px) 100vw, 370px\" \/><\/div><div class='dt-sc-hr-invisible-small '> <\/div><div class=\"ult-animation  ult-animate-viewport  ult-no-mobile \" data-animate=\"fadeInRight\" data-animation-delay=\"1.4\" data-animation-duration=\"1\" data-animation-iteration=\"1\" style=\"opacity:0;\" data-opacity_start_effect=\"\"><div class='dt-sc-section-title alignleft  vc_custom_1642451994799'><h2><span>Entrez<\/span> en contact<\/h2><p><\/p><\/div><\/div><div class=\"ult-animation  ult-animate-viewport  ult-no-mobile \" data-animate=\"fadeInRight\" data-animation-delay=\"1.7\" data-animation-duration=\"1\" data-animation-iteration=\"1\" style=\"opacity:0;\" data-opacity_start_effect=\"\"><div class='dt-sc-contact-info  '><span class='pe-icon pe-global'> <\/span>www.nfunb.org<\/div><\/div><div class=\"ult-spacer spacer-69f2d551352b1\" data-id=\"69f2d551352b1\" data-height=\"30\" data-height-mobile=\"30\" data-height-tab=\"30\" data-height-tab-portrait=\"\" data-height-mobile-landscape=\"\" style=\"clear:both;display:block;\"><\/div><div class=\"ult-animation  ult-animate-viewport  ult-no-mobile \" data-animate=\"fadeInRight\" data-animation-delay=\"1.7\" data-animation-duration=\"1\" data-animation-iteration=\"1\" style=\"opacity:0;\" data-opacity_start_effect=\"\"><div class='dt-sc-contact-info  '><span class='pe-icon pe-call'> <\/span><strong>T\u00e9l\u00e9phone:<\/strong> 506 123 4567<\/div><\/div><div class=\"ult-spacer spacer-69f2d55135357\" data-id=\"69f2d55135357\" data-height=\"30\" data-height-mobile=\"30\" data-height-tab=\"30\" data-height-tab-portrait=\"\" data-height-mobile-landscape=\"\" style=\"clear:both;display:block;\"><\/div><div class=\"ult-animation  ult-animate-viewport  ult-no-mobile \" data-animate=\"fadeInRight\" data-animation-delay=\"2.0\" data-animation-duration=\"1\" data-animation-iteration=\"1\" style=\"opacity:0;\" data-opacity_start_effect=\"\"><div class='dt-sc-contact-info  '><span class='pe-icon pe-mail'> <\/span>info@nfunb.org<\/div><\/div>[\/vc_column][\/vc_row][vc_row full_width=\u00a0\u00bbstretch_row\u00a0\u00bb parallax=\u00a0\u00bbcontent-moving-fade\u00a0\u00bb css_animation=\u00a0\u00bbfadeInUp\u00a0\u00bb css=\u00a0\u00bb.vc_custom_1644594766999{padding-top: 100px !important;padding-bottom: 80px !important;background-image: url(https:\/\/nfunb.org\/wordpress\/wp-content\/uploads\/2022\/02\/Barley-Culbersons-scaled.jpg?id=12888) !important;background-position: center;background-repeat: no-repeat !important;background-size: cover !important;}\u00a0\u00bb][vc_column][vc_row_inner equal_height=\u00a0\u00bbyes\u00a0\u00bb content_placement=\u00a0\u00bbmiddle\u00a0\u00bb][vc_column_inner el_class=\u00a0\u00bbdt-sc-dark-bg\u00a0\u00bb width=\u00a0\u00bb1\/2&Prime;]<div class=\"ult-animation  ult-animate-viewport  ult-no-mobile \" data-animate=\"zoomInDown\" data-animation-delay=\"1\" data-animation-duration=\"1\" data-animation-iteration=\"1\" style=\"opacity:0;\" data-opacity_start_effect=\"\">[vc_custom_heading text=\u00a0\u00bbDevenir membre\u00a0\u00bb use_theme_fonts=\u00a0\u00bbyes\u00a0\u00bb][vc_custom_heading text=\u00a0\u00bbUNF-NB plaide pour les fermes familiales et pour la souverainet\u00e9 alimentaire\u00a0\u00bb font_container=\u00a0\u00bbtag:h5|text_align:left\u00a0\u00bb use_theme_fonts=\u00a0\u00bbyes\u00a0\u00bb][vc_custom_heading text=\u00a0\u00bbCliquez sur le lien ci-dessous pour remplir le formulaire en ligne.\u00a0\u00bb font_container=\u00a0\u00bbtag:p|text_align:left\u00a0\u00bb use_theme_fonts=\u00a0\u00bbyes\u00a0\u00bb]<a href='https:\/\/www.pxw1.snb.ca\/snb9000\/product.aspx?productid=A001P100003A&#038;l=e' target='_blank' title='' class='dt-sc-button   small   filled  ' > Devenir membre <\/a><\/div>[\/vc_column_inner][vc_column_inner width=\u00a0\u00bb1\/2&Prime; css=\u00a0\u00bb.vc_custom_1482301789661{padding-right: 50px !important;padding-left: 50px !important;}\u00a0\u00bb]<div class=\"ult-animation  ult-animate-viewport  ult-no-mobile \" data-animate=\"flipInY\" data-animation-delay=\"1.3\" data-animation-duration=\"1\" data-animation-iteration=\"1\" style=\"opacity:0;\" data-opacity_start_effect=\"\">[vc_custom_heading text=\u00a0\u00bbVous avez des questions?\u00a0\u00bb font_container=\u00a0\u00bbtag:h2|text_align:left|color:%23ffffff\u00a0\u00bb use_theme_fonts=\u00a0\u00bbyes\u00a0\u00bb el_id=\u00a0\u00bbh2 {color:#fff !mportant;}\u00a0\u00bb]\n<div class=\"wpcf7 no-js\" id=\"wpcf7-f8428-o1\" lang=\"en-US\" dir=\"ltr\" data-wpcf7-id=\"8428\">\n<div class=\"screen-reader-response\"><p role=\"status\" aria-live=\"polite\" aria-atomic=\"true\"><\/p> <ul><\/ul><\/div>\n<form action=\"\/fr\/wp-json\/wp\/v2\/pages\/11758#wpcf7-f8428-o1\" method=\"post\" class=\"wpcf7-form init request-form dt-sc-dark-bg\" aria-label=\"Contact form\" novalidate=\"novalidate\" data-status=\"init\">\n<fieldset class=\"hidden-fields-container\"><input type=\"hidden\" name=\"_wpcf7\" value=\"8428\" \/><input type=\"hidden\" name=\"_wpcf7_version\" value=\"6.1.4\" \/><input type=\"hidden\" name=\"_wpcf7_locale\" value=\"en_US\" \/><input type=\"hidden\" name=\"_wpcf7_unit_tag\" value=\"wpcf7-f8428-o1\" \/><input type=\"hidden\" name=\"_wpcf7_container_post\" value=\"0\" \/><input type=\"hidden\" name=\"_wpcf7_posted_data_hash\" value=\"\" \/><input type=\"hidden\" name=\"_wpcf7_recaptcha_response\" value=\"\" \/>\n<\/fieldset>\n<p><span class=\"wpcf7-form-control-wrap\" data-name=\"text-765\"><input size=\"40\" maxlength=\"400\" class=\"wpcf7-form-control wpcf7-text wpcf7-validates-as-required\" aria-required=\"true\" aria-invalid=\"false\" placeholder=\"Full Name\" value=\"\" type=\"text\" name=\"text-765\" \/><\/span>\n<\/p>\n<p><span class=\"wpcf7-form-control-wrap\" data-name=\"email-121\"><input size=\"40\" maxlength=\"400\" class=\"wpcf7-form-control wpcf7-email wpcf7-validates-as-required wpcf7-text wpcf7-validates-as-email\" aria-required=\"true\" aria-invalid=\"false\" placeholder=\"Email Address\" value=\"\" type=\"email\" name=\"email-121\" \/><\/span>\n<\/p>\n<p><input class=\"wpcf7-form-control wpcf7-submit has-spinner\" type=\"submit\" value=\"Submit\" \/>\n<\/p>\n<div class=\"screen-reader-response\">\n\t<div role=\"status\">\n\t<\/div>\n<\/div><div class=\"wpcf7-response-output\" aria-hidden=\"true\"><\/div>\n<\/form>\n<\/div>\n<\/div>[\/vc_column_inner][\/vc_row_inner][\/vc_column][\/vc_row][vc_row][vc_column]<div class='dt-sc-hr-invisible-medium '> <\/div>[\/vc_column][\/vc_row]<\/p>\n<\/div>","protected":false},"excerpt":{"rendered":"<p>[vc_row][vc_column][\/vc_column][\/vc_row][vc_row css=\u00a0\u00bb.vc_custom_1482928181508{padding-bottom: 100px !important;}\u00a0\u00bb][vc_column width=\u00a0\u00bb2\/3&Prime; el_class=\u00a0\u00bbrs_col-sm-12&Prime; offset=\u00a0\u00bbvc_col-lg-8 vc_col-md-6&Prime;][\/vc_column][vc_column width=\u00a0\u00bb1\/3&Prime; el_class=\u00a0\u00bbrs_col-sm-12&Prime; offset=\u00a0\u00bbvc_col-lg-4 vc_col-md-6&Prime;][\/vc_column][\/vc_row][vc_row full_width=\u00a0\u00bbstretch_row\u00a0\u00bb parallax=\u00a0\u00bbcontent-moving-fade\u00a0\u00bb css_animation=\u00a0\u00bbfadeInUp\u00a0\u00bb css=\u00a0\u00bb.vc_custom_1644594766999{padding-top: 100px !important;padding-bottom: 80px !important;background-image: url(https:\/\/nfunb.org\/wordpress\/wp-content\/uploads\/2022\/02\/Barley-Culbersons-scaled.jpg?id=12888) !important;background-position: center;background-repeat: no-repeat !important;background-size: cover !important;}\u00a0\u00bb][vc_column][vc_row_inner equal_height=\u00a0\u00bbyes\u00a0\u00bb content_placement=\u00a0\u00bbmiddle\u00a0\u00bb][vc_column_inner el_class=\u00a0\u00bbdt-sc-dark-bg\u00a0\u00bb [&hellip;]<\/p>\n","protected":false},"author":1,"featured_media":0,"parent":0,"menu_order":0,"comment_status":"closed","ping_status":"closed","template":"","meta":{"footnotes":""},"class_list":["post-11758","page","type-page","status-publish","hentry"],"yoast_head":"<!-- This site is optimized with the Yoast SEO plugin v26.7 - https:\/\/yoast.com\/wordpress\/plugins\/seo\/ -->\n<title>Communications - National Farmers Union in New Brunswick<\/title>\n<meta name=\"robots\" content=\"index, follow, max-snippet:-1, max-image-preview:large, max-video-preview:-1\" \/>\n<link rel=\"canonical\" href=\"https:\/\/www.nfunb.org\/fr\/communications\/\" \/>\n<meta property=\"og:locale\" content=\"fr_FR\" \/>\n<meta property=\"og:type\" content=\"article\" \/>\n<meta property=\"og:title\" content=\"Communications - National Farmers Union in New Brunswick\" \/>\n<meta property=\"og:description\" content=\"[vc_row][vc_column][\/vc_column][\/vc_row][vc_row css=\u00a0\u00bb.vc_custom_1482928181508{padding-bottom: 100px !important;}\u00a0\u00bb][vc_column width=\u00a0\u00bb2\/3&Prime; el_class=\u00a0\u00bbrs_col-sm-12&Prime; offset=\u00a0\u00bbvc_col-lg-8 vc_col-md-6&Prime;][\/vc_column][vc_column width=\u00a0\u00bb1\/3&Prime; el_class=\u00a0\u00bbrs_col-sm-12&Prime; offset=\u00a0\u00bbvc_col-lg-4 vc_col-md-6&Prime;][\/vc_column][\/vc_row][vc_row full_width=\u00a0\u00bbstretch_row\u00a0\u00bb parallax=\u00a0\u00bbcontent-moving-fade\u00a0\u00bb css_animation=\u00a0\u00bbfadeInUp\u00a0\u00bb css=\u00a0\u00bb.vc_custom_1644594766999{padding-top: 100px !important;padding-bottom: 80px !important;background-image: url(https:\/\/nfunb.org\/wordpress\/wp-content\/uploads\/2022\/02\/Barley-Culbersons-scaled.jpg?id=12888) !important;background-position: center;background-repeat: no-repeat !important;background-size: cover !important;}\u00a0\u00bb][vc_column][vc_row_inner equal_height=\u00a0\u00bbyes\u00a0\u00bb content_placement=\u00a0\u00bbmiddle\u00a0\u00bb][vc_column_inner el_class=\u00a0\u00bbdt-sc-dark-bg\u00a0\u00bb [&hellip;]\" \/>\n<meta property=\"og:url\" content=\"https:\/\/www.nfunb.org\/fr\/communications\/\" \/>\n<meta property=\"og:site_name\" content=\"National Farmers Union in New Brunswick\" \/>\n<meta property=\"article:publisher\" content=\"https:\/\/www.facebook.com\/NFUinNB\" \/>\n<meta property=\"article:modified_time\" content=\"2022-02-11T15:52:49+00:00\" \/>\n<meta property=\"og:image\" content=\"http:\/\/nfunb.org\/en\/wp-content\/uploads\/2015\/04\/Joan-Brady-talk-April-2-2015-page-001-150x150.jpg\" \/>\n<meta name=\"twitter:card\" content=\"summary_large_image\" \/>\n<meta name=\"twitter:label1\" content=\"Dur\u00e9e de lecture estim\u00e9e\" \/>\n\t<meta name=\"twitter:data1\" content=\"7 minutes\" \/>\n<script type=\"application\/ld+json\" class=\"yoast-schema-graph\">{\"@context\":\"https:\/\/schema.org\",\"@graph\":[{\"@type\":\"WebPage\",\"@id\":\"https:\/\/www.nfunb.org\/fr\/communications\/\",\"url\":\"https:\/\/www.nfunb.org\/fr\/communications\/\",\"name\":\"Communications - National Farmers Union in New Brunswick\",\"isPartOf\":{\"@id\":\"https:\/\/www.nfunb.org\/fr\/#website\"},\"primaryImageOfPage\":{\"@id\":\"https:\/\/www.nfunb.org\/fr\/communications\/#primaryimage\"},\"image\":{\"@id\":\"https:\/\/www.nfunb.org\/fr\/communications\/#primaryimage\"},\"thumbnailUrl\":\"http:\/\/nfunb.org\/en\/wp-content\/uploads\/2015\/04\/Joan-Brady-talk-April-2-2015-page-001-150x150.jpg\",\"datePublished\":\"2016-11-23T05:02:50+00:00\",\"dateModified\":\"2022-02-11T15:52:49+00:00\",\"breadcrumb\":{\"@id\":\"https:\/\/www.nfunb.org\/fr\/communications\/#breadcrumb\"},\"inLanguage\":\"fr-FR\",\"potentialAction\":[{\"@type\":\"ReadAction\",\"target\":[\"https:\/\/www.nfunb.org\/fr\/communications\/\"]}]},{\"@type\":\"ImageObject\",\"inLanguage\":\"fr-FR\",\"@id\":\"https:\/\/www.nfunb.org\/fr\/communications\/#primaryimage\",\"url\":\"http:\/\/nfunb.org\/en\/wp-content\/uploads\/2015\/04\/Joan-Brady-talk-April-2-2015-page-001-150x150.jpg\",\"contentUrl\":\"http:\/\/nfunb.org\/en\/wp-content\/uploads\/2015\/04\/Joan-Brady-talk-April-2-2015-page-001-150x150.jpg\"},{\"@type\":\"BreadcrumbList\",\"@id\":\"https:\/\/www.nfunb.org\/fr\/communications\/#breadcrumb\",\"itemListElement\":[{\"@type\":\"ListItem\",\"position\":1,\"name\":\"Home\",\"item\":\"https:\/\/www.nfunb.org\/fr\/home\/\"},{\"@type\":\"ListItem\",\"position\":2,\"name\":\"Communications\"}]},{\"@type\":\"WebSite\",\"@id\":\"https:\/\/www.nfunb.org\/fr\/#website\",\"url\":\"https:\/\/www.nfunb.org\/fr\/\",\"name\":\"National Farmers Union in New Brunswick\",\"description\":\"Strong Communities. Sound Policies. Sustainable Farms\",\"publisher\":{\"@id\":\"https:\/\/www.nfunb.org\/fr\/#organization\"},\"potentialAction\":[{\"@type\":\"SearchAction\",\"target\":{\"@type\":\"EntryPoint\",\"urlTemplate\":\"https:\/\/www.nfunb.org\/fr\/?s={search_term_string}\"},\"query-input\":{\"@type\":\"PropertyValueSpecification\",\"valueRequired\":true,\"valueName\":\"search_term_string\"}}],\"inLanguage\":\"fr-FR\"},{\"@type\":\"Organization\",\"@id\":\"https:\/\/www.nfunb.org\/fr\/#organization\",\"name\":\"National Farmers Union in New Brunswick\",\"url\":\"https:\/\/www.nfunb.org\/fr\/\",\"logo\":{\"@type\":\"ImageObject\",\"inLanguage\":\"fr-FR\",\"@id\":\"https:\/\/www.nfunb.org\/fr\/#\/schema\/logo\/image\/\",\"url\":\"https:\/\/www.nfunb.org\/wp-content\/uploads\/2022\/01\/NFU_logo_CircleNB.png\",\"contentUrl\":\"https:\/\/www.nfunb.org\/wp-content\/uploads\/2022\/01\/NFU_logo_CircleNB.png\",\"width\":480,\"height\":480,\"caption\":\"National Farmers Union in New Brunswick\"},\"image\":{\"@id\":\"https:\/\/www.nfunb.org\/fr\/#\/schema\/logo\/image\/\"},\"sameAs\":[\"https:\/\/www.facebook.com\/NFUinNB\",\"https:\/\/www.instagram.com\/nfu.unf.nb\/\"]}]}<\/script>\n<!-- \/ Yoast SEO plugin. -->","yoast_head_json":{"title":"Communications - National Farmers Union in New Brunswick","robots":{"index":"index","follow":"follow","max-snippet":"max-snippet:-1","max-image-preview":"max-image-preview:large","max-video-preview":"max-video-preview:-1"},"canonical":"https:\/\/www.nfunb.org\/fr\/communications\/","og_locale":"fr_FR","og_type":"article","og_title":"Communications - National Farmers Union in New Brunswick","og_description":"[vc_row][vc_column][\/vc_column][\/vc_row][vc_row css=\u00a0\u00bb.vc_custom_1482928181508{padding-bottom: 100px !important;}\u00a0\u00bb][vc_column width=\u00a0\u00bb2\/3&Prime; el_class=\u00a0\u00bbrs_col-sm-12&Prime; offset=\u00a0\u00bbvc_col-lg-8 vc_col-md-6&Prime;][\/vc_column][vc_column width=\u00a0\u00bb1\/3&Prime; el_class=\u00a0\u00bbrs_col-sm-12&Prime; offset=\u00a0\u00bbvc_col-lg-4 vc_col-md-6&Prime;][\/vc_column][\/vc_row][vc_row full_width=\u00a0\u00bbstretch_row\u00a0\u00bb parallax=\u00a0\u00bbcontent-moving-fade\u00a0\u00bb css_animation=\u00a0\u00bbfadeInUp\u00a0\u00bb css=\u00a0\u00bb.vc_custom_1644594766999{padding-top: 100px !important;padding-bottom: 80px !important;background-image: url(https:\/\/nfunb.org\/wordpress\/wp-content\/uploads\/2022\/02\/Barley-Culbersons-scaled.jpg?id=12888) !important;background-position: center;background-repeat: no-repeat !important;background-size: cover !important;}\u00a0\u00bb][vc_column][vc_row_inner equal_height=\u00a0\u00bbyes\u00a0\u00bb content_placement=\u00a0\u00bbmiddle\u00a0\u00bb][vc_column_inner el_class=\u00a0\u00bbdt-sc-dark-bg\u00a0\u00bb [&hellip;]","og_url":"https:\/\/www.nfunb.org\/fr\/communications\/","og_site_name":"National Farmers Union in New Brunswick","article_publisher":"https:\/\/www.facebook.com\/NFUinNB","article_modified_time":"2022-02-11T15:52:49+00:00","og_image":[{"url":"http:\/\/nfunb.org\/en\/wp-content\/uploads\/2015\/04\/Joan-Brady-talk-April-2-2015-page-001-150x150.jpg","type":"","width":"","height":""}],"twitter_card":"summary_large_image","twitter_misc":{"Dur\u00e9e de lecture estim\u00e9e":"7 minutes"},"schema":{"@context":"https:\/\/schema.org","@graph":[{"@type":"WebPage","@id":"https:\/\/www.nfunb.org\/fr\/communications\/","url":"https:\/\/www.nfunb.org\/fr\/communications\/","name":"Communications - National Farmers Union in New Brunswick","isPartOf":{"@id":"https:\/\/www.nfunb.org\/fr\/#website"},"primaryImageOfPage":{"@id":"https:\/\/www.nfunb.org\/fr\/communications\/#primaryimage"},"image":{"@id":"https:\/\/www.nfunb.org\/fr\/communications\/#primaryimage"},"thumbnailUrl":"http:\/\/nfunb.org\/en\/wp-content\/uploads\/2015\/04\/Joan-Brady-talk-April-2-2015-page-001-150x150.jpg","datePublished":"2016-11-23T05:02:50+00:00","dateModified":"2022-02-11T15:52:49+00:00","breadcrumb":{"@id":"https:\/\/www.nfunb.org\/fr\/communications\/#breadcrumb"},"inLanguage":"fr-FR","potentialAction":[{"@type":"ReadAction","target":["https:\/\/www.nfunb.org\/fr\/communications\/"]}]},{"@type":"ImageObject","inLanguage":"fr-FR","@id":"https:\/\/www.nfunb.org\/fr\/communications\/#primaryimage","url":"http:\/\/nfunb.org\/en\/wp-content\/uploads\/2015\/04\/Joan-Brady-talk-April-2-2015-page-001-150x150.jpg","contentUrl":"http:\/\/nfunb.org\/en\/wp-content\/uploads\/2015\/04\/Joan-Brady-talk-April-2-2015-page-001-150x150.jpg"},{"@type":"BreadcrumbList","@id":"https:\/\/www.nfunb.org\/fr\/communications\/#breadcrumb","itemListElement":[{"@type":"ListItem","position":1,"name":"Home","item":"https:\/\/www.nfunb.org\/fr\/home\/"},{"@type":"ListItem","position":2,"name":"Communications"}]},{"@type":"WebSite","@id":"https:\/\/www.nfunb.org\/fr\/#website","url":"https:\/\/www.nfunb.org\/fr\/","name":"National Farmers Union in New Brunswick","description":"Strong Communities. Sound Policies. Sustainable Farms","publisher":{"@id":"https:\/\/www.nfunb.org\/fr\/#organization"},"potentialAction":[{"@type":"SearchAction","target":{"@type":"EntryPoint","urlTemplate":"https:\/\/www.nfunb.org\/fr\/?s={search_term_string}"},"query-input":{"@type":"PropertyValueSpecification","valueRequired":true,"valueName":"search_term_string"}}],"inLanguage":"fr-FR"},{"@type":"Organization","@id":"https:\/\/www.nfunb.org\/fr\/#organization","name":"National Farmers Union in New Brunswick","url":"https:\/\/www.nfunb.org\/fr\/","logo":{"@type":"ImageObject","inLanguage":"fr-FR","@id":"https:\/\/www.nfunb.org\/fr\/#\/schema\/logo\/image\/","url":"https:\/\/www.nfunb.org\/wp-content\/uploads\/2022\/01\/NFU_logo_CircleNB.png","contentUrl":"https:\/\/www.nfunb.org\/wp-content\/uploads\/2022\/01\/NFU_logo_CircleNB.png","width":480,"height":480,"caption":"National Farmers Union in New Brunswick"},"image":{"@id":"https:\/\/www.nfunb.org\/fr\/#\/schema\/logo\/image\/"},"sameAs":["https:\/\/www.facebook.com\/NFUinNB","https:\/\/www.instagram.com\/nfu.unf.nb\/"]}]}},"_links":{"self":[{"href":"https:\/\/www.nfunb.org\/fr\/wp-json\/wp\/v2\/pages\/11758","targetHints":{"allow":["GET"]}}],"collection":[{"href":"https:\/\/www.nfunb.org\/fr\/wp-json\/wp\/v2\/pages"}],"about":[{"href":"https:\/\/www.nfunb.org\/fr\/wp-json\/wp\/v2\/types\/page"}],"author":[{"embeddable":true,"href":"https:\/\/www.nfunb.org\/fr\/wp-json\/wp\/v2\/users\/1"}],"replies":[{"embeddable":true,"href":"https:\/\/www.nfunb.org\/fr\/wp-json\/wp\/v2\/comments?post=11758"}],"version-history":[{"count":8,"href":"https:\/\/www.nfunb.org\/fr\/wp-json\/wp\/v2\/pages\/11758\/revisions"}],"predecessor-version":[{"id":12890,"href":"https:\/\/www.nfunb.org\/fr\/wp-json\/wp\/v2\/pages\/11758\/revisions\/12890"}],"wp:attachment":[{"href":"https:\/\/www.nfunb.org\/fr\/wp-json\/wp\/v2\/media?parent=11758"}],"curies":[{"name":"wp","href":"https:\/\/api.w.org\/{rel}","templated":true}]}}