{"id":13178,"date":"2023-05-18T09:07:22","date_gmt":"2023-05-18T13:07:22","guid":{"rendered":"https:\/\/www.nfunb.org\/?post_type=tribe_events&#038;p=13178"},"modified":"2023-05-18T09:24:30","modified_gmt":"2023-05-18T13:24:30","slug":"assemblee-generale-annuelle-2023","status":"publish","type":"tribe_events","link":"https:\/\/www.nfunb.org\/fr\/event\/assemblee-generale-annuelle-2023\/","title":{"rendered":"Assembl\u00e9e g\u00e9n\u00e9rale annuelle 2023"},"content":{"rendered":"<p><b>Dimanche le 28 mai 2023: <\/b><\/p>\n<p><span style=\"font-weight: 400;\">L&rsquo;UNF au N-B vous invites \u00e0 notre Assembl\u00e9e g\u00e9n\u00e9rale annuelle 2023.<strong> Il aura lieu le dimanche 28 mai 2023 de mani\u00e8re virtuelle de 14h00 \u00e0 15h00<\/strong>. La rencontre virtuelle sera uniquement pour les affaires et comprendra les aspects suivants : s\u00e9ance de travail de l\u2019AGA, survol de l\u2019ann\u00e9e ; \u00e9tats financiers 2022 ; \u00e9lections ; et, r\u00e9solutions.<\/span><\/p>\n<p>&nbsp;<\/p>\n<p><strong>Des r\u00e9solutions sur les enjeux politiques actuels<\/strong> peuvent \u00eatre pr\u00e9sent\u00e9es \u00e0 l\u2019AGA. Il est pr\u00e9f\u00e9rable de nous les envoyer au moins une semaine \u00e0 l\u2019avance (le 21 mai), mais elles seront \u00e9galement adopt\u00e9es \u00e0 l\u2019AGA. Les r\u00e9solutions repr\u00e9sentent la fondation de notre politique et guident notre travail durant toute l\u2019ann\u00e9e. Envoyez vos r\u00e9solutions \u00e0 info@nfunb.org.<\/p>\n<p>&nbsp;<\/p>\n<p>Cet \u00e9v\u00e8nement est votre opportunit\u00e9 d\u2019assumer un r\u00f4le de leadership aupr\u00e8s de l\u2019UNF \u2013 des \u00e9lections auront lieu pour le Conseil d\u2019administration de l\u2019UNF-NB, y compris les postes de pr\u00e9sident(e), de pr\u00e9sidente des femmes, de pr\u00e9sident(e) des jeunes, pr\u00e9sident(e) PANDC (personnes autochtones, noires et de couleur), secr\u00e9taire et membres \u00e0 titre personnel.<\/p>\n<p>&nbsp;<\/p>\n<p><span style=\"font-weight: 400;\">Nous encourageons fortement tous les membres \u00e0 participer \u00e0 cette Assembl\u00e9e g\u00e9n\u00e9rale annuelle ; votre participation et vos contributions sont tr\u00e8s importantes pour nos discussions, qui vont ensuite fournir une direction pour notre organisation. <\/span><\/p>\n<p>&nbsp;<\/p>\n<p><span style=\"font-weight: 400;\">Nous esp\u00e9rons organiser un \u00e9v\u00e9nement en personne \u00e0 l&rsquo;automne pour que les membres puissent se rencontrer et discuter.\u00a0<\/span><\/p>\n<p>&nbsp;<\/p>\n<p><strong>Si vous avez besoin d&rsquo;informations sur l&rsquo;utilisation de Zoom ou d&rsquo;une assistance technique pendant la r\u00e9union, veuillez appeler le 1-506-260-0087.<\/strong><\/p>\n<p>&nbsp;<\/p>\n<p><b>ID de la r\u00e9union : 893 6659 5328<\/b><\/p>\n<p><b>Mot de passe: 522928<\/b><\/p>\n","protected":false},"excerpt":{"rendered":"<p>Dimanche le 28 mai 2023: L&rsquo;UNF au N-B vous invites \u00e0 notre Assembl\u00e9e g\u00e9n\u00e9rale annuelle 2023. Il aura lieu le dimanche 28 mai 2023 de mani\u00e8re virtuelle de 14h00 \u00e0 [&hellip;]<\/p>\n","protected":false},"author":3,"featured_media":13188,"template":"","meta":{"_tribe_events_status":"","_tribe_events_status_reason":"","footnotes":""},"tags":[],"tribe_events_cat":[149],"class_list":["post-13178","tribe_events","type-tribe_events","status-publish","has-post-thumbnail","hentry","tribe_events_cat-annual-general-meeting-fr","cat_annual-general-meeting-fr"],"yoast_head":"<!-- This site is optimized with the Yoast SEO plugin v26.7 - https:\/\/yoast.com\/wordpress\/plugins\/seo\/ -->\n<title>Assembl\u00e9e g\u00e9n\u00e9rale annuelle 2023 - National Farmers Union in New Brunswick<\/title>\n<meta name=\"robots\" content=\"index, follow, max-snippet:-1, max-image-preview:large, max-video-preview:-1\" \/>\n<link rel=\"canonical\" href=\"https:\/\/www.nfunb.org\/fr\/event\/assemblee-generale-annuelle-2023\/\" \/>\n<meta property=\"og:locale\" content=\"fr_FR\" \/>\n<meta property=\"og:type\" content=\"article\" \/>\n<meta property=\"og:title\" content=\"Assembl\u00e9e g\u00e9n\u00e9rale annuelle 2023 - National Farmers Union in New Brunswick\" \/>\n<meta property=\"og:description\" content=\"Dimanche le 28 mai 2023: L&rsquo;UNF au N-B vous invites \u00e0 notre Assembl\u00e9e g\u00e9n\u00e9rale annuelle 2023. Il aura lieu le dimanche 28 mai 2023 de mani\u00e8re virtuelle de 14h00 \u00e0 [&hellip;]\" \/>\n<meta property=\"og:url\" content=\"https:\/\/www.nfunb.org\/fr\/event\/assemblee-generale-annuelle-2023\/\" \/>\n<meta property=\"og:site_name\" content=\"National Farmers Union in New Brunswick\" \/>\n<meta property=\"article:publisher\" content=\"https:\/\/www.facebook.com\/NFUinNB\" \/>\n<meta property=\"article:modified_time\" content=\"2023-05-18T13:24:30+00:00\" \/>\n<meta property=\"og:image\" content=\"https:\/\/www.nfunb.org\/wp-content\/uploads\/2023\/05\/Copy-of-Solutions-climatiques-agricoles-au-NB-Facebook-Cover-2-1.png\" \/>\n\t<meta property=\"og:image:width\" content=\"1640\" \/>\n\t<meta property=\"og:image:height\" content=\"924\" \/>\n\t<meta property=\"og:image:type\" content=\"image\/png\" \/>\n<meta name=\"twitter:card\" content=\"summary_large_image\" \/>\n<meta name=\"twitter:label1\" content=\"Dur\u00e9e de lecture estim\u00e9e\" \/>\n\t<meta name=\"twitter:data1\" content=\"1 minute\" \/>\n<script type=\"application\/ld+json\" class=\"yoast-schema-graph\">{\"@context\":\"https:\/\/schema.org\",\"@graph\":[{\"@type\":\"WebPage\",\"@id\":\"https:\/\/www.nfunb.org\/fr\/event\/assemblee-generale-annuelle-2023\/\",\"url\":\"https:\/\/www.nfunb.org\/fr\/event\/assemblee-generale-annuelle-2023\/\",\"name\":\"Assembl\u00e9e g\u00e9n\u00e9rale annuelle 2023 - National Farmers Union in New Brunswick\",\"isPartOf\":{\"@id\":\"https:\/\/www.nfunb.org\/fr\/#website\"},\"primaryImageOfPage\":{\"@id\":\"https:\/\/www.nfunb.org\/fr\/event\/assemblee-generale-annuelle-2023\/#primaryimage\"},\"image\":{\"@id\":\"https:\/\/www.nfunb.org\/fr\/event\/assemblee-generale-annuelle-2023\/#primaryimage\"},\"thumbnailUrl\":\"https:\/\/www.nfunb.org\/wp-content\/uploads\/2023\/05\/Copy-of-Solutions-climatiques-agricoles-au-NB-Facebook-Cover-2-1.png\",\"datePublished\":\"2023-05-18T13:07:22+00:00\",\"dateModified\":\"2023-05-18T13:24:30+00:00\",\"breadcrumb\":{\"@id\":\"https:\/\/www.nfunb.org\/fr\/event\/assemblee-generale-annuelle-2023\/#breadcrumb\"},\"inLanguage\":\"fr-FR\",\"potentialAction\":[{\"@type\":\"ReadAction\",\"target\":[\"https:\/\/www.nfunb.org\/fr\/event\/assemblee-generale-annuelle-2023\/\"]}]},{\"@type\":\"ImageObject\",\"inLanguage\":\"fr-FR\",\"@id\":\"https:\/\/www.nfunb.org\/fr\/event\/assemblee-generale-annuelle-2023\/#primaryimage\",\"url\":\"https:\/\/www.nfunb.org\/wp-content\/uploads\/2023\/05\/Copy-of-Solutions-climatiques-agricoles-au-NB-Facebook-Cover-2-1.png\",\"contentUrl\":\"https:\/\/www.nfunb.org\/wp-content\/uploads\/2023\/05\/Copy-of-Solutions-climatiques-agricoles-au-NB-Facebook-Cover-2-1.png\",\"width\":1640,\"height\":924},{\"@type\":\"BreadcrumbList\",\"@id\":\"https:\/\/www.nfunb.org\/fr\/event\/assemblee-generale-annuelle-2023\/#breadcrumb\",\"itemListElement\":[{\"@type\":\"ListItem\",\"position\":1,\"name\":\"Home\",\"item\":\"https:\/\/www.nfunb.org\/fr\/home\/\"},{\"@type\":\"ListItem\",\"position\":2,\"name\":\"\u00c9v\u00e8nements\",\"item\":\"https:\/\/www.nfunb.org\/fr\/events\/\"},{\"@type\":\"ListItem\",\"position\":3,\"name\":\"Assembl\u00e9e g\u00e9n\u00e9rale annuelle 2023\"}]},{\"@type\":\"WebSite\",\"@id\":\"https:\/\/www.nfunb.org\/fr\/#website\",\"url\":\"https:\/\/www.nfunb.org\/fr\/\",\"name\":\"National Farmers Union in New Brunswick\",\"description\":\"Strong Communities. Sound Policies. Sustainable Farms\",\"publisher\":{\"@id\":\"https:\/\/www.nfunb.org\/fr\/#organization\"},\"potentialAction\":[{\"@type\":\"SearchAction\",\"target\":{\"@type\":\"EntryPoint\",\"urlTemplate\":\"https:\/\/www.nfunb.org\/fr\/?s={search_term_string}\"},\"query-input\":{\"@type\":\"PropertyValueSpecification\",\"valueRequired\":true,\"valueName\":\"search_term_string\"}}],\"inLanguage\":\"fr-FR\"},{\"@type\":\"Organization\",\"@id\":\"https:\/\/www.nfunb.org\/fr\/#organization\",\"name\":\"National Farmers Union in New Brunswick\",\"url\":\"https:\/\/www.nfunb.org\/fr\/\",\"logo\":{\"@type\":\"ImageObject\",\"inLanguage\":\"fr-FR\",\"@id\":\"https:\/\/www.nfunb.org\/fr\/#\/schema\/logo\/image\/\",\"url\":\"https:\/\/www.nfunb.org\/wp-content\/uploads\/2022\/01\/NFU_logo_CircleNB.png\",\"contentUrl\":\"https:\/\/www.nfunb.org\/wp-content\/uploads\/2022\/01\/NFU_logo_CircleNB.png\",\"width\":480,\"height\":480,\"caption\":\"National Farmers Union in New Brunswick\"},\"image\":{\"@id\":\"https:\/\/www.nfunb.org\/fr\/#\/schema\/logo\/image\/\"},\"sameAs\":[\"https:\/\/www.facebook.com\/NFUinNB\",\"https:\/\/www.instagram.com\/nfu.unf.nb\/\"]}]}<\/script>\n<!-- \/ Yoast SEO plugin. -->","yoast_head_json":{"title":"Assembl\u00e9e g\u00e9n\u00e9rale annuelle 2023 - National Farmers Union in New Brunswick","robots":{"index":"index","follow":"follow","max-snippet":"max-snippet:-1","max-image-preview":"max-image-preview:large","max-video-preview":"max-video-preview:-1"},"canonical":"https:\/\/www.nfunb.org\/fr\/event\/assemblee-generale-annuelle-2023\/","og_locale":"fr_FR","og_type":"article","og_title":"Assembl\u00e9e g\u00e9n\u00e9rale annuelle 2023 - National Farmers Union in New Brunswick","og_description":"Dimanche le 28 mai 2023: L&rsquo;UNF au N-B vous invites \u00e0 notre Assembl\u00e9e g\u00e9n\u00e9rale annuelle 2023. Il aura lieu le dimanche 28 mai 2023 de mani\u00e8re virtuelle de 14h00 \u00e0 [&hellip;]","og_url":"https:\/\/www.nfunb.org\/fr\/event\/assemblee-generale-annuelle-2023\/","og_site_name":"National Farmers Union in New Brunswick","article_publisher":"https:\/\/www.facebook.com\/NFUinNB","article_modified_time":"2023-05-18T13:24:30+00:00","og_image":[{"width":1640,"height":924,"url":"https:\/\/www.nfunb.org\/wp-content\/uploads\/2023\/05\/Copy-of-Solutions-climatiques-agricoles-au-NB-Facebook-Cover-2-1.png","type":"image\/png"}],"twitter_card":"summary_large_image","twitter_misc":{"Dur\u00e9e de lecture estim\u00e9e":"1 minute"},"schema":{"@context":"https:\/\/schema.org","@graph":[{"@type":"WebPage","@id":"https:\/\/www.nfunb.org\/fr\/event\/assemblee-generale-annuelle-2023\/","url":"https:\/\/www.nfunb.org\/fr\/event\/assemblee-generale-annuelle-2023\/","name":"Assembl\u00e9e g\u00e9n\u00e9rale annuelle 2023 - National Farmers Union in New Brunswick","isPartOf":{"@id":"https:\/\/www.nfunb.org\/fr\/#website"},"primaryImageOfPage":{"@id":"https:\/\/www.nfunb.org\/fr\/event\/assemblee-generale-annuelle-2023\/#primaryimage"},"image":{"@id":"https:\/\/www.nfunb.org\/fr\/event\/assemblee-generale-annuelle-2023\/#primaryimage"},"thumbnailUrl":"https:\/\/www.nfunb.org\/wp-content\/uploads\/2023\/05\/Copy-of-Solutions-climatiques-agricoles-au-NB-Facebook-Cover-2-1.png","datePublished":"2023-05-18T13:07:22+00:00","dateModified":"2023-05-18T13:24:30+00:00","breadcrumb":{"@id":"https:\/\/www.nfunb.org\/fr\/event\/assemblee-generale-annuelle-2023\/#breadcrumb"},"inLanguage":"fr-FR","potentialAction":[{"@type":"ReadAction","target":["https:\/\/www.nfunb.org\/fr\/event\/assemblee-generale-annuelle-2023\/"]}]},{"@type":"ImageObject","inLanguage":"fr-FR","@id":"https:\/\/www.nfunb.org\/fr\/event\/assemblee-generale-annuelle-2023\/#primaryimage","url":"https:\/\/www.nfunb.org\/wp-content\/uploads\/2023\/05\/Copy-of-Solutions-climatiques-agricoles-au-NB-Facebook-Cover-2-1.png","contentUrl":"https:\/\/www.nfunb.org\/wp-content\/uploads\/2023\/05\/Copy-of-Solutions-climatiques-agricoles-au-NB-Facebook-Cover-2-1.png","width":1640,"height":924},{"@type":"BreadcrumbList","@id":"https:\/\/www.nfunb.org\/fr\/event\/assemblee-generale-annuelle-2023\/#breadcrumb","itemListElement":[{"@type":"ListItem","position":1,"name":"Home","item":"https:\/\/www.nfunb.org\/fr\/home\/"},{"@type":"ListItem","position":2,"name":"\u00c9v\u00e8nements","item":"https:\/\/www.nfunb.org\/fr\/events\/"},{"@type":"ListItem","position":3,"name":"Assembl\u00e9e g\u00e9n\u00e9rale annuelle 2023"}]},{"@type":"WebSite","@id":"https:\/\/www.nfunb.org\/fr\/#website","url":"https:\/\/www.nfunb.org\/fr\/","name":"National Farmers Union in New Brunswick","description":"Strong Communities. Sound Policies. Sustainable Farms","publisher":{"@id":"https:\/\/www.nfunb.org\/fr\/#organization"},"potentialAction":[{"@type":"SearchAction","target":{"@type":"EntryPoint","urlTemplate":"https:\/\/www.nfunb.org\/fr\/?s={search_term_string}"},"query-input":{"@type":"PropertyValueSpecification","valueRequired":true,"valueName":"search_term_string"}}],"inLanguage":"fr-FR"},{"@type":"Organization","@id":"https:\/\/www.nfunb.org\/fr\/#organization","name":"National Farmers Union in New Brunswick","url":"https:\/\/www.nfunb.org\/fr\/","logo":{"@type":"ImageObject","inLanguage":"fr-FR","@id":"https:\/\/www.nfunb.org\/fr\/#\/schema\/logo\/image\/","url":"https:\/\/www.nfunb.org\/wp-content\/uploads\/2022\/01\/NFU_logo_CircleNB.png","contentUrl":"https:\/\/www.nfunb.org\/wp-content\/uploads\/2022\/01\/NFU_logo_CircleNB.png","width":480,"height":480,"caption":"National Farmers Union in New Brunswick"},"image":{"@id":"https:\/\/www.nfunb.org\/fr\/#\/schema\/logo\/image\/"},"sameAs":["https:\/\/www.facebook.com\/NFUinNB","https:\/\/www.instagram.com\/nfu.unf.nb\/"]}]}},"_links":{"self":[{"href":"https:\/\/www.nfunb.org\/fr\/wp-json\/wp\/v2\/tribe_events\/13178","targetHints":{"allow":["GET"]}}],"collection":[{"href":"https:\/\/www.nfunb.org\/fr\/wp-json\/wp\/v2\/tribe_events"}],"about":[{"href":"https:\/\/www.nfunb.org\/fr\/wp-json\/wp\/v2\/types\/tribe_events"}],"author":[{"embeddable":true,"href":"https:\/\/www.nfunb.org\/fr\/wp-json\/wp\/v2\/users\/3"}],"version-history":[{"count":3,"href":"https:\/\/www.nfunb.org\/fr\/wp-json\/wp\/v2\/tribe_events\/13178\/revisions"}],"predecessor-version":[{"id":13183,"href":"https:\/\/www.nfunb.org\/fr\/wp-json\/wp\/v2\/tribe_events\/13178\/revisions\/13183"}],"wp:featuredmedia":[{"embeddable":true,"href":"https:\/\/www.nfunb.org\/fr\/wp-json\/wp\/v2\/media\/13188"}],"wp:attachment":[{"href":"https:\/\/www.nfunb.org\/fr\/wp-json\/wp\/v2\/media?parent=13178"}],"wp:term":[{"taxonomy":"post_tag","embeddable":true,"href":"https:\/\/www.nfunb.org\/fr\/wp-json\/wp\/v2\/tags?post=13178"},{"taxonomy":"tribe_events_cat","embeddable":true,"href":"https:\/\/www.nfunb.org\/fr\/wp-json\/wp\/v2\/tribe_events_cat?post=13178"}],"curies":[{"name":"wp","href":"https:\/\/api.w.org\/{rel}","templated":true}]}}