{"id":13729,"date":"2025-03-17T07:37:43","date_gmt":"2025-03-17T11:37:43","guid":{"rendered":"https:\/\/www.nfunb.org\/?post_type=tribe_events&#038;p=13729"},"modified":"2025-03-17T07:37:43","modified_gmt":"2025-03-17T11:37:43","slug":"assemblee-annuelle-generale-2025","status":"publish","type":"tribe_events","link":"https:\/\/www.nfunb.org\/fr\/event\/assemblee-annuelle-generale-2025\/","title":{"rendered":"Assembl\u00e9e Annuelle G\u00e9n\u00e9rale 2025"},"content":{"rendered":"<p dir=\"ltr\">Les inscriptions sont ouvertes !<\/p>\n<p dir=\"ltr\">Veuillez utiliser le formulaire ci-dessous pour vous inscrire au :<\/p>\n<p dir=\"ltr\">l\u2019AGA de l\u2019Union nationale des fermiers au Nouveau Brunswick<\/p>\n<p dir=\"ltr\">Nous vous invitons \u00e0 participer \u00e0 l\u2019Assembl\u00e9e g\u00e9n\u00e9rale annuelle hybride 2025 de l\u2019UNF-NB le Jeudi, 20 mars, \u00e0 la salle RBC aux Mus\u00e9e des beaux-arts Beaverbrook, 703 Rue Queen, Fredericton, N.-B et en ligne sur Zoom. L\u2019inscription va commencer \u00e0 9h30, et la rencontre se terminera \u00e0 16h. Il n\u2019y a pas de frais d\u2019inscription et inclut le d\u00eener avec vos d\u00e9put\u00e9(e)s compos\u00e9 d\u2019aliments locaux ainsi que les pause-caf\u00e9\/collations. La traduction simultan\u00e9e sera disponible.<\/p>\n<p dir=\"ltr\">Des r\u00e9solutions sur les questions d\u2019actualit\u00e9s politiques peuvent \u00eatre pr\u00e9sent\u00e9es \u00e0 l\u2019AGA. Il est pr\u00e9f\u00e9rable de nous les envoyer au moins une semaine \u00e0 l\u2019avance, mais elles seront \u00e9galement accept\u00e9es le matin de l\u2019AGA. Les r\u00e9solutions repr\u00e9sentent la base de notre politique et elles nous guident au cours de l\u2019ann\u00e9e. Contactez le bureau si vous avez des id\u00e9es que vous aimeriez soumettre.<\/p>\n<p dir=\"ltr\">Cet \u00e9v\u00e9nement est votre opportunit\u00e9 d\u2019assumer un r\u00f4le de leadership aupr\u00e8s de l\u2019UNF ; des \u00e9lections auront lieu pour le Conseil d\u2019administration de l\u2019UNF-NB.<\/p>\n<p dir=\"ltr\">La journ\u00e9e consiste en une gamme de divers pr\u00e9sentateurs et discussions de groupes. Nous projetterons \u00e9galement deux films sur la profondeur de champ du Nouveau-Brunswick. Nous esp\u00e9rons faciliter une telle conversation d\u2019une mani\u00e8re \u00e9quilibr\u00e9e avec les fermiers et non fermiers contribuant leurs connaissances et leurs points de vue. Cette rencontre et la discussion a lieu afin de d\u00e9finir les futures orientations et la politique de l\u2019organisation.<\/p>\n<p dir=\"ltr\">Nous encourageons fortement tous les membres \u00e0 participer \u00e0 cette Assembl\u00e9e g\u00e9n\u00e9rale annuelle et \u00e0 inviter tous les autres fermiers et voisins int\u00e9ress\u00e9s. Votre participation et votre contribution sont tr\u00e8s importantes \u00e0 nos discussions afin d\u2019orienter notre organisme.<\/p>\n<p dir=\"ltr\">Jeudi le 20 mars, 2024 9h30 \u00e0 16h<\/p>\n<p dir=\"ltr\">Mus\u00e9e des beaux-arts Beaverbrook, 703 Rue Queen, Fredericton, NB<\/p>\n<p dir=\"ltr\"><strong>Enregistrer ici:<\/strong><\/p>\n<p dir=\"ltr\">\n<div class=\"wpcf7 no-js\" id=\"wpcf7-f13700-o1\" lang=\"en-US\" dir=\"ltr\" data-wpcf7-id=\"13700\">\n<div class=\"screen-reader-response\"><p role=\"status\" aria-live=\"polite\" aria-atomic=\"true\"><\/p> <ul><\/ul><\/div>\n<form action=\"\/fr\/wp-json\/wp\/v2\/tribe_events\/13729#wpcf7-f13700-o1\" method=\"post\" class=\"wpcf7-form init\" aria-label=\"Contact form\" novalidate=\"novalidate\" data-status=\"init\">\n<fieldset class=\"hidden-fields-container\"><input type=\"hidden\" name=\"_wpcf7\" value=\"13700\" \/><input type=\"hidden\" name=\"_wpcf7_version\" value=\"6.1.4\" \/><input type=\"hidden\" name=\"_wpcf7_locale\" value=\"en_US\" \/><input type=\"hidden\" name=\"_wpcf7_unit_tag\" value=\"wpcf7-f13700-o1\" \/><input type=\"hidden\" name=\"_wpcf7_container_post\" value=\"0\" \/><input type=\"hidden\" name=\"_wpcf7_posted_data_hash\" value=\"\" \/><input type=\"hidden\" name=\"_wpcf7_recaptcha_response\" value=\"\" \/>\n<\/fieldset>\n<p><label> Votre nom<br \/>\n<span class=\"wpcf7-form-control-wrap\" data-name=\"votre-nom\"><input size=\"40\" maxlength=\"400\" class=\"wpcf7-form-control wpcf7-text wpcf7-validates-as-required\" autocomplete=\"name\" aria-required=\"true\" aria-invalid=\"false\" value=\"\" type=\"text\" name=\"votre-nom\" \/><\/span> <\/label>\n<\/p>\n<p><label> Votre courriel<br \/>\n<span class=\"wpcf7-form-control-wrap\" data-name=\"votre-courriel\"><input size=\"40\" maxlength=\"400\" class=\"wpcf7-form-control wpcf7-email wpcf7-validates-as-required wpcf7-text wpcf7-validates-as-email\" autocomplete=\"email\" aria-required=\"true\" aria-invalid=\"false\" value=\"\" type=\"email\" name=\"votre-courriel\" \/><\/span> <\/label>\n<\/p>\n<p><label> Votre telephone<br \/>\n<span class=\"wpcf7-form-control-wrap\" data-name=\"tel-279\"><input size=\"40\" maxlength=\"400\" class=\"wpcf7-form-control wpcf7-tel wpcf7-validates-as-required wpcf7-text wpcf7-validates-as-tel\" aria-required=\"true\" aria-invalid=\"false\" value=\"\" type=\"tel\" name=\"tel-279\" \/><\/span> <\/label>\n<\/p>\n<p><label> Votre addresse<br \/>\n<span class=\"wpcf7-form-control-wrap\" data-name=\"votre-addresse\"><input size=\"40\" maxlength=\"400\" class=\"wpcf7-form-control wpcf7-text wpcf7-validates-as-required\" aria-required=\"true\" aria-invalid=\"false\" value=\"\" type=\"text\" name=\"votre-addresse\" \/><\/span> <\/label>\n<\/p>\n<p><span class=\"wpcf7-form-control-wrap\" data-name=\"Choix-hybride\"><select class=\"wpcf7-form-control wpcf7-select wpcf7-validates-as-required\" aria-required=\"true\" aria-invalid=\"false\" name=\"Choix-hybride\"><option value=\"Veuillez choisir votre pr\u00e9sence\">Veuillez choisir votre pr\u00e9sence<\/option><option value=\"En Personne (Fredericton, NB)\">En Personne (Fredericton, NB)<\/option><option value=\"Zoom\">Zoom<\/option><\/select><\/span>\n<\/p>\n<p><label> Allergies alimentaires ou questions suppl\u00e9mentaires (facultatif)<br \/>\n<span class=\"wpcf7-form-control-wrap\" data-name=\"votre-message\"><textarea cols=\"40\" rows=\"10\" maxlength=\"2000\" class=\"wpcf7-form-control wpcf7-textarea\" aria-invalid=\"false\" name=\"votre-message\"><\/textarea><\/span> <\/label>\n<\/p>\n<p><input class=\"wpcf7-form-control wpcf7-submit has-spinner\" type=\"submit\" value=\"Soumettre\" \/>\n<\/p>\n<div class=\"screen-reader-response\">\n\t<div role=\"status\">\n\t<\/div>\n<\/div><div class=\"wpcf7-response-output\" aria-hidden=\"true\"><\/div>\n<\/form>\n<\/div>\n","protected":false},"excerpt":{"rendered":"<p>Les inscriptions sont ouvertes ! Veuillez utiliser le formulaire ci-dessous pour vous inscrire au : l\u2019AGA de l\u2019Union nationale des fermiers au Nouveau Brunswick Nous vous invitons \u00e0 participer \u00e0 [&hellip;]<\/p>\n","protected":false},"author":2,"featured_media":12848,"template":"","meta":{"_tribe_events_status":"","_tribe_events_status_reason":"","footnotes":""},"tribe_events_cat":[149,184],"class_list":["post-13729","tribe_events","type-tribe_events","status-publish","has-post-thumbnail","hentry","tribe_events_cat-annual-general-meeting-fr","tribe_events_cat-assemblee-annuelle-generale","cat_annual-general-meeting-fr","cat_assemblee-annuelle-generale"],"yoast_head":"<!-- This site is optimized with the Yoast SEO plugin v26.7 - https:\/\/yoast.com\/wordpress\/plugins\/seo\/ -->\n<title>Assembl\u00e9e Annuelle G\u00e9n\u00e9rale 2025 - National Farmers Union in New Brunswick<\/title>\n<meta name=\"robots\" content=\"index, follow, max-snippet:-1, max-image-preview:large, max-video-preview:-1\" \/>\n<link rel=\"canonical\" href=\"https:\/\/www.nfunb.org\/fr\/event\/assemblee-annuelle-generale-2025\/\" \/>\n<meta property=\"og:locale\" content=\"fr_FR\" \/>\n<meta property=\"og:type\" content=\"article\" \/>\n<meta property=\"og:title\" content=\"Assembl\u00e9e Annuelle G\u00e9n\u00e9rale 2025 - National Farmers Union in New Brunswick\" \/>\n<meta property=\"og:description\" content=\"Les inscriptions sont ouvertes ! Veuillez utiliser le formulaire ci-dessous pour vous inscrire au : l\u2019AGA de l\u2019Union nationale des fermiers au Nouveau Brunswick Nous vous invitons \u00e0 participer \u00e0 [&hellip;]\" \/>\n<meta property=\"og:url\" content=\"https:\/\/www.nfunb.org\/fr\/event\/assemblee-annuelle-generale-2025\/\" \/>\n<meta property=\"og:site_name\" content=\"National Farmers Union in New Brunswick\" \/>\n<meta property=\"article:publisher\" content=\"https:\/\/www.facebook.com\/NFUinNB\" \/>\n<meta property=\"og:image\" content=\"https:\/\/www.nfunb.org\/wp-content\/uploads\/2022\/02\/2017-AGM-Gailen-Allan-and-Pierre-Olivier-Brassard-scaled.jpg\" \/>\n\t<meta property=\"og:image:width\" content=\"2560\" \/>\n\t<meta property=\"og:image:height\" content=\"1707\" \/>\n\t<meta property=\"og:image:type\" content=\"image\/jpeg\" \/>\n<meta name=\"twitter:card\" content=\"summary_large_image\" \/>\n<meta name=\"twitter:label1\" content=\"Dur\u00e9e de lecture estim\u00e9e\" \/>\n\t<meta name=\"twitter:data1\" content=\"2 minutes\" \/>\n<script type=\"application\/ld+json\" class=\"yoast-schema-graph\">{\"@context\":\"https:\/\/schema.org\",\"@graph\":[{\"@type\":\"WebPage\",\"@id\":\"https:\/\/www.nfunb.org\/fr\/event\/assemblee-annuelle-generale-2025\/\",\"url\":\"https:\/\/www.nfunb.org\/fr\/event\/assemblee-annuelle-generale-2025\/\",\"name\":\"Assembl\u00e9e Annuelle G\u00e9n\u00e9rale 2025 - National Farmers Union in New Brunswick\",\"isPartOf\":{\"@id\":\"https:\/\/www.nfunb.org\/fr\/#website\"},\"primaryImageOfPage\":{\"@id\":\"https:\/\/www.nfunb.org\/fr\/event\/assemblee-annuelle-generale-2025\/#primaryimage\"},\"image\":{\"@id\":\"https:\/\/www.nfunb.org\/fr\/event\/assemblee-annuelle-generale-2025\/#primaryimage\"},\"thumbnailUrl\":\"https:\/\/www.nfunb.org\/wp-content\/uploads\/2022\/02\/2017-AGM-Gailen-Allan-and-Pierre-Olivier-Brassard-scaled.jpg\",\"datePublished\":\"2025-03-17T11:37:43+00:00\",\"breadcrumb\":{\"@id\":\"https:\/\/www.nfunb.org\/fr\/event\/assemblee-annuelle-generale-2025\/#breadcrumb\"},\"inLanguage\":\"fr-FR\",\"potentialAction\":[{\"@type\":\"ReadAction\",\"target\":[\"https:\/\/www.nfunb.org\/fr\/event\/assemblee-annuelle-generale-2025\/\"]}]},{\"@type\":\"ImageObject\",\"inLanguage\":\"fr-FR\",\"@id\":\"https:\/\/www.nfunb.org\/fr\/event\/assemblee-annuelle-generale-2025\/#primaryimage\",\"url\":\"https:\/\/www.nfunb.org\/wp-content\/uploads\/2022\/02\/2017-AGM-Gailen-Allan-and-Pierre-Olivier-Brassard-scaled.jpg\",\"contentUrl\":\"https:\/\/www.nfunb.org\/wp-content\/uploads\/2022\/02\/2017-AGM-Gailen-Allan-and-Pierre-Olivier-Brassard-scaled.jpg\",\"width\":2560,\"height\":1707},{\"@type\":\"BreadcrumbList\",\"@id\":\"https:\/\/www.nfunb.org\/fr\/event\/assemblee-annuelle-generale-2025\/#breadcrumb\",\"itemListElement\":[{\"@type\":\"ListItem\",\"position\":1,\"name\":\"Home\",\"item\":\"https:\/\/www.nfunb.org\/fr\/home\/\"},{\"@type\":\"ListItem\",\"position\":2,\"name\":\"\u00c9v\u00e8nements\",\"item\":\"https:\/\/www.nfunb.org\/fr\/events\/\"},{\"@type\":\"ListItem\",\"position\":3,\"name\":\"Assembl\u00e9e Annuelle G\u00e9n\u00e9rale 2025\"}]},{\"@type\":\"WebSite\",\"@id\":\"https:\/\/www.nfunb.org\/fr\/#website\",\"url\":\"https:\/\/www.nfunb.org\/fr\/\",\"name\":\"National Farmers Union in New Brunswick\",\"description\":\"Strong Communities. Sound Policies. Sustainable Farms\",\"publisher\":{\"@id\":\"https:\/\/www.nfunb.org\/fr\/#organization\"},\"potentialAction\":[{\"@type\":\"SearchAction\",\"target\":{\"@type\":\"EntryPoint\",\"urlTemplate\":\"https:\/\/www.nfunb.org\/fr\/?s={search_term_string}\"},\"query-input\":{\"@type\":\"PropertyValueSpecification\",\"valueRequired\":true,\"valueName\":\"search_term_string\"}}],\"inLanguage\":\"fr-FR\"},{\"@type\":\"Organization\",\"@id\":\"https:\/\/www.nfunb.org\/fr\/#organization\",\"name\":\"National Farmers Union in New Brunswick\",\"url\":\"https:\/\/www.nfunb.org\/fr\/\",\"logo\":{\"@type\":\"ImageObject\",\"inLanguage\":\"fr-FR\",\"@id\":\"https:\/\/www.nfunb.org\/fr\/#\/schema\/logo\/image\/\",\"url\":\"https:\/\/www.nfunb.org\/wp-content\/uploads\/2022\/01\/NFU_logo_CircleNB.png\",\"contentUrl\":\"https:\/\/www.nfunb.org\/wp-content\/uploads\/2022\/01\/NFU_logo_CircleNB.png\",\"width\":480,\"height\":480,\"caption\":\"National Farmers Union in New Brunswick\"},\"image\":{\"@id\":\"https:\/\/www.nfunb.org\/fr\/#\/schema\/logo\/image\/\"},\"sameAs\":[\"https:\/\/www.facebook.com\/NFUinNB\",\"https:\/\/www.instagram.com\/nfu.unf.nb\/\"]}]}<\/script>\n<!-- \/ Yoast SEO plugin. -->","yoast_head_json":{"title":"Assembl\u00e9e Annuelle G\u00e9n\u00e9rale 2025 - National Farmers Union in New Brunswick","robots":{"index":"index","follow":"follow","max-snippet":"max-snippet:-1","max-image-preview":"max-image-preview:large","max-video-preview":"max-video-preview:-1"},"canonical":"https:\/\/www.nfunb.org\/fr\/event\/assemblee-annuelle-generale-2025\/","og_locale":"fr_FR","og_type":"article","og_title":"Assembl\u00e9e Annuelle G\u00e9n\u00e9rale 2025 - National Farmers Union in New Brunswick","og_description":"Les inscriptions sont ouvertes ! Veuillez utiliser le formulaire ci-dessous pour vous inscrire au : l\u2019AGA de l\u2019Union nationale des fermiers au Nouveau Brunswick Nous vous invitons \u00e0 participer \u00e0 [&hellip;]","og_url":"https:\/\/www.nfunb.org\/fr\/event\/assemblee-annuelle-generale-2025\/","og_site_name":"National Farmers Union in New Brunswick","article_publisher":"https:\/\/www.facebook.com\/NFUinNB","og_image":[{"width":2560,"height":1707,"url":"https:\/\/www.nfunb.org\/wp-content\/uploads\/2022\/02\/2017-AGM-Gailen-Allan-and-Pierre-Olivier-Brassard-scaled.jpg","type":"image\/jpeg"}],"twitter_card":"summary_large_image","twitter_misc":{"Dur\u00e9e de lecture estim\u00e9e":"2 minutes"},"schema":{"@context":"https:\/\/schema.org","@graph":[{"@type":"WebPage","@id":"https:\/\/www.nfunb.org\/fr\/event\/assemblee-annuelle-generale-2025\/","url":"https:\/\/www.nfunb.org\/fr\/event\/assemblee-annuelle-generale-2025\/","name":"Assembl\u00e9e Annuelle G\u00e9n\u00e9rale 2025 - National Farmers Union in New Brunswick","isPartOf":{"@id":"https:\/\/www.nfunb.org\/fr\/#website"},"primaryImageOfPage":{"@id":"https:\/\/www.nfunb.org\/fr\/event\/assemblee-annuelle-generale-2025\/#primaryimage"},"image":{"@id":"https:\/\/www.nfunb.org\/fr\/event\/assemblee-annuelle-generale-2025\/#primaryimage"},"thumbnailUrl":"https:\/\/www.nfunb.org\/wp-content\/uploads\/2022\/02\/2017-AGM-Gailen-Allan-and-Pierre-Olivier-Brassard-scaled.jpg","datePublished":"2025-03-17T11:37:43+00:00","breadcrumb":{"@id":"https:\/\/www.nfunb.org\/fr\/event\/assemblee-annuelle-generale-2025\/#breadcrumb"},"inLanguage":"fr-FR","potentialAction":[{"@type":"ReadAction","target":["https:\/\/www.nfunb.org\/fr\/event\/assemblee-annuelle-generale-2025\/"]}]},{"@type":"ImageObject","inLanguage":"fr-FR","@id":"https:\/\/www.nfunb.org\/fr\/event\/assemblee-annuelle-generale-2025\/#primaryimage","url":"https:\/\/www.nfunb.org\/wp-content\/uploads\/2022\/02\/2017-AGM-Gailen-Allan-and-Pierre-Olivier-Brassard-scaled.jpg","contentUrl":"https:\/\/www.nfunb.org\/wp-content\/uploads\/2022\/02\/2017-AGM-Gailen-Allan-and-Pierre-Olivier-Brassard-scaled.jpg","width":2560,"height":1707},{"@type":"BreadcrumbList","@id":"https:\/\/www.nfunb.org\/fr\/event\/assemblee-annuelle-generale-2025\/#breadcrumb","itemListElement":[{"@type":"ListItem","position":1,"name":"Home","item":"https:\/\/www.nfunb.org\/fr\/home\/"},{"@type":"ListItem","position":2,"name":"\u00c9v\u00e8nements","item":"https:\/\/www.nfunb.org\/fr\/events\/"},{"@type":"ListItem","position":3,"name":"Assembl\u00e9e Annuelle G\u00e9n\u00e9rale 2025"}]},{"@type":"WebSite","@id":"https:\/\/www.nfunb.org\/fr\/#website","url":"https:\/\/www.nfunb.org\/fr\/","name":"National Farmers Union in New Brunswick","description":"Strong Communities. Sound Policies. Sustainable Farms","publisher":{"@id":"https:\/\/www.nfunb.org\/fr\/#organization"},"potentialAction":[{"@type":"SearchAction","target":{"@type":"EntryPoint","urlTemplate":"https:\/\/www.nfunb.org\/fr\/?s={search_term_string}"},"query-input":{"@type":"PropertyValueSpecification","valueRequired":true,"valueName":"search_term_string"}}],"inLanguage":"fr-FR"},{"@type":"Organization","@id":"https:\/\/www.nfunb.org\/fr\/#organization","name":"National Farmers Union in New Brunswick","url":"https:\/\/www.nfunb.org\/fr\/","logo":{"@type":"ImageObject","inLanguage":"fr-FR","@id":"https:\/\/www.nfunb.org\/fr\/#\/schema\/logo\/image\/","url":"https:\/\/www.nfunb.org\/wp-content\/uploads\/2022\/01\/NFU_logo_CircleNB.png","contentUrl":"https:\/\/www.nfunb.org\/wp-content\/uploads\/2022\/01\/NFU_logo_CircleNB.png","width":480,"height":480,"caption":"National Farmers Union in New Brunswick"},"image":{"@id":"https:\/\/www.nfunb.org\/fr\/#\/schema\/logo\/image\/"},"sameAs":["https:\/\/www.facebook.com\/NFUinNB","https:\/\/www.instagram.com\/nfu.unf.nb\/"]}]}},"_links":{"self":[{"href":"https:\/\/www.nfunb.org\/fr\/wp-json\/wp\/v2\/tribe_events\/13729","targetHints":{"allow":["GET"]}}],"collection":[{"href":"https:\/\/www.nfunb.org\/fr\/wp-json\/wp\/v2\/tribe_events"}],"about":[{"href":"https:\/\/www.nfunb.org\/fr\/wp-json\/wp\/v2\/types\/tribe_events"}],"author":[{"embeddable":true,"href":"https:\/\/www.nfunb.org\/fr\/wp-json\/wp\/v2\/users\/2"}],"version-history":[{"count":2,"href":"https:\/\/www.nfunb.org\/fr\/wp-json\/wp\/v2\/tribe_events\/13729\/revisions"}],"predecessor-version":[{"id":13731,"href":"https:\/\/www.nfunb.org\/fr\/wp-json\/wp\/v2\/tribe_events\/13729\/revisions\/13731"}],"wp:featuredmedia":[{"embeddable":true,"href":"https:\/\/www.nfunb.org\/fr\/wp-json\/wp\/v2\/media\/12848"}],"wp:attachment":[{"href":"https:\/\/www.nfunb.org\/fr\/wp-json\/wp\/v2\/media?parent=13729"}],"wp:term":[{"taxonomy":"tribe_events_cat","embeddable":true,"href":"https:\/\/www.nfunb.org\/fr\/wp-json\/wp\/v2\/tribe_events_cat?post=13729"}],"curies":[{"name":"wp","href":"https:\/\/api.w.org\/{rel}","templated":true}]}}