{"id":13739,"date":"2025-04-03T16:24:57","date_gmt":"2025-04-03T20:24:57","guid":{"rendered":"https:\/\/www.nfunb.org\/?post_type=tribe_events&#038;p=13739"},"modified":"2025-04-14T14:55:07","modified_gmt":"2025-04-14T18:55:07","slug":"conference-des-marches-fermiers-2025","status":"publish","type":"tribe_events","link":"https:\/\/www.nfunb.org\/fr\/event\/conference-des-marches-fermiers-2025\/","title":{"rendered":"Conf\u00e9rence des march\u00e9s fermiers 2025"},"content":{"rendered":"<p>Les gestionnaires, le personnel et les b\u00e9n\u00e9voles des march\u00e9s fermiers du Nouveau-Brunswick sont invit\u00e9s \u00e0 se joindre \u00e0 l&rsquo;UNF-NB pour une journ\u00e9e de discussion, de collaboration et d&rsquo;apprentissage.<\/p>\n<p>&nbsp;<\/p>\n<p>La journ\u00e9e sera principalement consacr\u00e9e \u00e0 des discussions anim\u00e9es sur des sujets tels que les programmes et les ressources n\u00e9cessaires, les programmes de coupons nutritionnels, l&rsquo;int\u00e9r\u00eat d&rsquo;une association de march\u00e9s fermiers pour les march\u00e9s du Nouveau-Brunswick, et plus encore.<\/p>\n<p>&nbsp;<\/p>\n<p>Justin Cantafio, directeur g\u00e9n\u00e9ral de \u226a Farmers Markets Nova Scotia \u226b, pr\u00e9sentera sa r\u00e9cente recherche sur les march\u00e9s publics, financ\u00e9e par la bourse Nuffield.<\/p>\n<p>&nbsp;<\/p>\n<p>Nous esp\u00e9rons qu&rsquo;un repr\u00e9sentant de la Sant\u00e9 publique participera \u00e0 une s\u00e9ance de questions-r\u00e9ponses sur la r\u00e9glementation des march\u00e9s et les exigences de s\u00e9curit\u00e9.<\/p>\n<p>&nbsp;<\/p>\n<p>En raison du nombre de places limit\u00e9, nous demandons la pr\u00e9sence d&rsquo;une personne par march\u00e9. Si vous souhaitez que d&rsquo;autres membres du personnel ou b\u00e9n\u00e9voles soient pr\u00e9sents, veuillez appeler ou envoyer un courriel \u00e0 Suzanne directement, au cas o\u00f9 il y aurait des places suppl\u00e9mentaires.<\/p>\n<p>&nbsp;<\/p>\n<p>L&rsquo;inscription en personne co\u00fbtera 35 $ par personne, le d\u00e9jeuner sera offert. La pr\u00e9inscription est obligatoire. Le paiement peut \u00eatre effectu\u00e9 en personne \u00e0 l&rsquo;entr\u00e9e ou par virement \u00e9lectronique \u00e0 nfu.nb.office@gmail.com en tout temps.<\/p>\n<p>&nbsp;<\/p>\n<p>En raison du faible nombre de demandes de participation en ligne, nous organiserons cette r\u00e9union uniquement en personne.<\/p>\n<p>&nbsp;<\/p>\n<p>Inscription ici\u00a0:<\/p>\n<div>\n<p class=\"p1\">\n<div class=\"wpcf7 no-js\" id=\"wpcf7-f13735-o1\" lang=\"en-US\" dir=\"ltr\" data-wpcf7-id=\"13735\">\n<div class=\"screen-reader-response\"><p role=\"status\" aria-live=\"polite\" aria-atomic=\"true\"><\/p> <ul><\/ul><\/div>\n<form action=\"\/fr\/wp-json\/wp\/v2\/tribe_events\/13739#wpcf7-f13735-o1\" method=\"post\" class=\"wpcf7-form init\" aria-label=\"Contact form\" novalidate=\"novalidate\" data-status=\"init\">\n<fieldset class=\"hidden-fields-container\"><input type=\"hidden\" name=\"_wpcf7\" value=\"13735\" \/><input type=\"hidden\" name=\"_wpcf7_version\" value=\"6.1.4\" \/><input type=\"hidden\" name=\"_wpcf7_locale\" value=\"en_US\" \/><input type=\"hidden\" name=\"_wpcf7_unit_tag\" value=\"wpcf7-f13735-o1\" \/><input type=\"hidden\" name=\"_wpcf7_container_post\" value=\"0\" \/><input type=\"hidden\" name=\"_wpcf7_posted_data_hash\" value=\"\" \/><input type=\"hidden\" name=\"_wpcf7_recaptcha_response\" value=\"\" \/>\n<\/fieldset>\n<p><label> Votre nom<br \/>\n<span class=\"wpcf7-form-control-wrap\" data-name=\"votre-nom\"><input size=\"40\" maxlength=\"400\" class=\"wpcf7-form-control wpcf7-text wpcf7-validates-as-required\" autocomplete=\"name\" aria-required=\"true\" aria-invalid=\"false\" value=\"\" type=\"text\" name=\"votre-nom\" \/><\/span> <\/label>\n<\/p>\n<p><label> Votre courriel<br \/>\n<span class=\"wpcf7-form-control-wrap\" data-name=\"votre-courriel\"><input size=\"40\" maxlength=\"400\" class=\"wpcf7-form-control wpcf7-email wpcf7-validates-as-required wpcf7-text wpcf7-validates-as-email\" autocomplete=\"email\" aria-required=\"true\" aria-invalid=\"false\" value=\"\" type=\"email\" name=\"votre-courriel\" \/><\/span> <\/label>\n<\/p>\n<p><label> Votre telephone<br \/>\n<span class=\"wpcf7-form-control-wrap\" data-name=\"tel-279\"><input size=\"40\" maxlength=\"400\" class=\"wpcf7-form-control wpcf7-tel wpcf7-validates-as-required wpcf7-text wpcf7-validates-as-tel\" aria-required=\"true\" aria-invalid=\"false\" value=\"\" type=\"tel\" name=\"tel-279\" \/><\/span> <\/label>\n<\/p>\n<p><label> Votre march\u00e9 ou votre communaut\u00e9<br \/>\n<span class=\"wpcf7-form-control-wrap\" data-name=\"votre-message\"><input size=\"40\" maxlength=\"400\" class=\"wpcf7-form-control wpcf7-text wpcf7-validates-as-required\" aria-required=\"true\" aria-invalid=\"false\" value=\"\" type=\"text\" name=\"votre-message\" \/><\/span> <\/label>\n<\/p>\n<p><label> Allergies alimentaires ou questions suppl\u00e9mentaires (facultatif)<br \/>\n<span class=\"wpcf7-form-control-wrap\" data-name=\"votre-message\"><input size=\"40\" maxlength=\"400\" class=\"wpcf7-form-control wpcf7-text wpcf7-validates-as-required\" aria-required=\"true\" aria-invalid=\"false\" value=\"\" type=\"text\" name=\"votre-message\" \/><\/span> <\/label>\n<\/p>\n<p><input class=\"wpcf7-form-control wpcf7-submit has-spinner\" type=\"submit\" value=\"Soumettre\" \/>\n<\/p>\n<div class=\"screen-reader-response\">\n\t<div role=\"status\">\n\t<\/div>\n<\/div><div class=\"wpcf7-response-output\" aria-hidden=\"true\"><\/div>\n<\/form>\n<\/div>\n<\/div>\n","protected":false},"excerpt":{"rendered":"<p>Les gestionnaires, le personnel et les b\u00e9n\u00e9voles des march\u00e9s fermiers du Nouveau-Brunswick sont invit\u00e9s \u00e0 se joindre \u00e0 l&rsquo;UNF-NB pour une journ\u00e9e de discussion, de collaboration et d&rsquo;apprentissage. &nbsp; La [&hellip;]<\/p>\n","protected":false},"author":2,"featured_media":13545,"template":"","meta":{"_tribe_events_status":"","_tribe_events_status_reason":"","footnotes":""},"tribe_events_cat":[187,186],"class_list":["post-13739","tribe_events","type-tribe_events","status-publish","has-post-thumbnail","hentry","tribe_events_cat-conference-2","tribe_events_cat-conference-fr","cat_conference-2","cat_conference-fr"],"yoast_head":"<!-- This site is optimized with the Yoast SEO plugin v26.7 - https:\/\/yoast.com\/wordpress\/plugins\/seo\/ -->\n<title>Conf\u00e9rence des march\u00e9s fermiers 2025 - National Farmers Union in New Brunswick<\/title>\n<meta name=\"robots\" content=\"index, follow, max-snippet:-1, max-image-preview:large, max-video-preview:-1\" \/>\n<link rel=\"canonical\" href=\"https:\/\/www.nfunb.org\/fr\/event\/conference-des-marches-fermiers-2025\/\" \/>\n<meta property=\"og:locale\" content=\"fr_FR\" \/>\n<meta property=\"og:type\" content=\"article\" \/>\n<meta property=\"og:title\" content=\"Conf\u00e9rence des march\u00e9s fermiers 2025 - National Farmers Union in New Brunswick\" \/>\n<meta property=\"og:description\" content=\"Les gestionnaires, le personnel et les b\u00e9n\u00e9voles des march\u00e9s fermiers du Nouveau-Brunswick sont invit\u00e9s \u00e0 se joindre \u00e0 l&rsquo;UNF-NB pour une journ\u00e9e de discussion, de collaboration et d&rsquo;apprentissage. &nbsp; La [&hellip;]\" \/>\n<meta property=\"og:url\" content=\"https:\/\/www.nfunb.org\/fr\/event\/conference-des-marches-fermiers-2025\/\" \/>\n<meta property=\"og:site_name\" content=\"National Farmers Union in New Brunswick\" \/>\n<meta property=\"article:publisher\" content=\"https:\/\/www.facebook.com\/NFUinNB\" \/>\n<meta property=\"article:modified_time\" content=\"2025-04-14T18:55:07+00:00\" \/>\n<meta property=\"og:image\" content=\"https:\/\/www.nfunb.org\/wp-content\/uploads\/2024\/08\/32.-Garrison-FM-Aug-18-2022.jpeg\" \/>\n\t<meta property=\"og:image:width\" content=\"1280\" \/>\n\t<meta property=\"og:image:height\" content=\"1280\" \/>\n\t<meta property=\"og:image:type\" content=\"image\/jpeg\" \/>\n<meta name=\"twitter:card\" content=\"summary_large_image\" \/>\n<meta name=\"twitter:label1\" content=\"Dur\u00e9e de lecture estim\u00e9e\" \/>\n\t<meta name=\"twitter:data1\" content=\"2 minutes\" \/>\n<script type=\"application\/ld+json\" class=\"yoast-schema-graph\">{\"@context\":\"https:\/\/schema.org\",\"@graph\":[{\"@type\":\"WebPage\",\"@id\":\"https:\/\/www.nfunb.org\/fr\/event\/conference-des-marches-fermiers-2025\/\",\"url\":\"https:\/\/www.nfunb.org\/fr\/event\/conference-des-marches-fermiers-2025\/\",\"name\":\"Conf\u00e9rence des march\u00e9s fermiers 2025 - National Farmers Union in New Brunswick\",\"isPartOf\":{\"@id\":\"https:\/\/www.nfunb.org\/fr\/#website\"},\"primaryImageOfPage\":{\"@id\":\"https:\/\/www.nfunb.org\/fr\/event\/conference-des-marches-fermiers-2025\/#primaryimage\"},\"image\":{\"@id\":\"https:\/\/www.nfunb.org\/fr\/event\/conference-des-marches-fermiers-2025\/#primaryimage\"},\"thumbnailUrl\":\"https:\/\/www.nfunb.org\/wp-content\/uploads\/2024\/08\/32.-Garrison-FM-Aug-18-2022.jpeg\",\"datePublished\":\"2025-04-03T20:24:57+00:00\",\"dateModified\":\"2025-04-14T18:55:07+00:00\",\"breadcrumb\":{\"@id\":\"https:\/\/www.nfunb.org\/fr\/event\/conference-des-marches-fermiers-2025\/#breadcrumb\"},\"inLanguage\":\"fr-FR\",\"potentialAction\":[{\"@type\":\"ReadAction\",\"target\":[\"https:\/\/www.nfunb.org\/fr\/event\/conference-des-marches-fermiers-2025\/\"]}]},{\"@type\":\"ImageObject\",\"inLanguage\":\"fr-FR\",\"@id\":\"https:\/\/www.nfunb.org\/fr\/event\/conference-des-marches-fermiers-2025\/#primaryimage\",\"url\":\"https:\/\/www.nfunb.org\/wp-content\/uploads\/2024\/08\/32.-Garrison-FM-Aug-18-2022.jpeg\",\"contentUrl\":\"https:\/\/www.nfunb.org\/wp-content\/uploads\/2024\/08\/32.-Garrison-FM-Aug-18-2022.jpeg\",\"width\":1280,\"height\":1280},{\"@type\":\"BreadcrumbList\",\"@id\":\"https:\/\/www.nfunb.org\/fr\/event\/conference-des-marches-fermiers-2025\/#breadcrumb\",\"itemListElement\":[{\"@type\":\"ListItem\",\"position\":1,\"name\":\"Home\",\"item\":\"https:\/\/www.nfunb.org\/fr\/home\/\"},{\"@type\":\"ListItem\",\"position\":2,\"name\":\"\u00c9v\u00e8nements\",\"item\":\"https:\/\/www.nfunb.org\/fr\/events\/\"},{\"@type\":\"ListItem\",\"position\":3,\"name\":\"Conf\u00e9rence des march\u00e9s fermiers 2025\"}]},{\"@type\":\"WebSite\",\"@id\":\"https:\/\/www.nfunb.org\/fr\/#website\",\"url\":\"https:\/\/www.nfunb.org\/fr\/\",\"name\":\"National Farmers Union in New Brunswick\",\"description\":\"Strong Communities. Sound Policies. Sustainable Farms\",\"publisher\":{\"@id\":\"https:\/\/www.nfunb.org\/fr\/#organization\"},\"potentialAction\":[{\"@type\":\"SearchAction\",\"target\":{\"@type\":\"EntryPoint\",\"urlTemplate\":\"https:\/\/www.nfunb.org\/fr\/?s={search_term_string}\"},\"query-input\":{\"@type\":\"PropertyValueSpecification\",\"valueRequired\":true,\"valueName\":\"search_term_string\"}}],\"inLanguage\":\"fr-FR\"},{\"@type\":\"Organization\",\"@id\":\"https:\/\/www.nfunb.org\/fr\/#organization\",\"name\":\"National Farmers Union in New Brunswick\",\"url\":\"https:\/\/www.nfunb.org\/fr\/\",\"logo\":{\"@type\":\"ImageObject\",\"inLanguage\":\"fr-FR\",\"@id\":\"https:\/\/www.nfunb.org\/fr\/#\/schema\/logo\/image\/\",\"url\":\"https:\/\/www.nfunb.org\/wp-content\/uploads\/2022\/01\/NFU_logo_CircleNB.png\",\"contentUrl\":\"https:\/\/www.nfunb.org\/wp-content\/uploads\/2022\/01\/NFU_logo_CircleNB.png\",\"width\":480,\"height\":480,\"caption\":\"National Farmers Union in New Brunswick\"},\"image\":{\"@id\":\"https:\/\/www.nfunb.org\/fr\/#\/schema\/logo\/image\/\"},\"sameAs\":[\"https:\/\/www.facebook.com\/NFUinNB\",\"https:\/\/www.instagram.com\/nfu.unf.nb\/\"]}]}<\/script>\n<!-- \/ Yoast SEO plugin. -->","yoast_head_json":{"title":"Conf\u00e9rence des march\u00e9s fermiers 2025 - National Farmers Union in New Brunswick","robots":{"index":"index","follow":"follow","max-snippet":"max-snippet:-1","max-image-preview":"max-image-preview:large","max-video-preview":"max-video-preview:-1"},"canonical":"https:\/\/www.nfunb.org\/fr\/event\/conference-des-marches-fermiers-2025\/","og_locale":"fr_FR","og_type":"article","og_title":"Conf\u00e9rence des march\u00e9s fermiers 2025 - National Farmers Union in New Brunswick","og_description":"Les gestionnaires, le personnel et les b\u00e9n\u00e9voles des march\u00e9s fermiers du Nouveau-Brunswick sont invit\u00e9s \u00e0 se joindre \u00e0 l&rsquo;UNF-NB pour une journ\u00e9e de discussion, de collaboration et d&rsquo;apprentissage. &nbsp; La [&hellip;]","og_url":"https:\/\/www.nfunb.org\/fr\/event\/conference-des-marches-fermiers-2025\/","og_site_name":"National Farmers Union in New Brunswick","article_publisher":"https:\/\/www.facebook.com\/NFUinNB","article_modified_time":"2025-04-14T18:55:07+00:00","og_image":[{"width":1280,"height":1280,"url":"https:\/\/www.nfunb.org\/wp-content\/uploads\/2024\/08\/32.-Garrison-FM-Aug-18-2022.jpeg","type":"image\/jpeg"}],"twitter_card":"summary_large_image","twitter_misc":{"Dur\u00e9e de lecture estim\u00e9e":"2 minutes"},"schema":{"@context":"https:\/\/schema.org","@graph":[{"@type":"WebPage","@id":"https:\/\/www.nfunb.org\/fr\/event\/conference-des-marches-fermiers-2025\/","url":"https:\/\/www.nfunb.org\/fr\/event\/conference-des-marches-fermiers-2025\/","name":"Conf\u00e9rence des march\u00e9s fermiers 2025 - National Farmers Union in New Brunswick","isPartOf":{"@id":"https:\/\/www.nfunb.org\/fr\/#website"},"primaryImageOfPage":{"@id":"https:\/\/www.nfunb.org\/fr\/event\/conference-des-marches-fermiers-2025\/#primaryimage"},"image":{"@id":"https:\/\/www.nfunb.org\/fr\/event\/conference-des-marches-fermiers-2025\/#primaryimage"},"thumbnailUrl":"https:\/\/www.nfunb.org\/wp-content\/uploads\/2024\/08\/32.-Garrison-FM-Aug-18-2022.jpeg","datePublished":"2025-04-03T20:24:57+00:00","dateModified":"2025-04-14T18:55:07+00:00","breadcrumb":{"@id":"https:\/\/www.nfunb.org\/fr\/event\/conference-des-marches-fermiers-2025\/#breadcrumb"},"inLanguage":"fr-FR","potentialAction":[{"@type":"ReadAction","target":["https:\/\/www.nfunb.org\/fr\/event\/conference-des-marches-fermiers-2025\/"]}]},{"@type":"ImageObject","inLanguage":"fr-FR","@id":"https:\/\/www.nfunb.org\/fr\/event\/conference-des-marches-fermiers-2025\/#primaryimage","url":"https:\/\/www.nfunb.org\/wp-content\/uploads\/2024\/08\/32.-Garrison-FM-Aug-18-2022.jpeg","contentUrl":"https:\/\/www.nfunb.org\/wp-content\/uploads\/2024\/08\/32.-Garrison-FM-Aug-18-2022.jpeg","width":1280,"height":1280},{"@type":"BreadcrumbList","@id":"https:\/\/www.nfunb.org\/fr\/event\/conference-des-marches-fermiers-2025\/#breadcrumb","itemListElement":[{"@type":"ListItem","position":1,"name":"Home","item":"https:\/\/www.nfunb.org\/fr\/home\/"},{"@type":"ListItem","position":2,"name":"\u00c9v\u00e8nements","item":"https:\/\/www.nfunb.org\/fr\/events\/"},{"@type":"ListItem","position":3,"name":"Conf\u00e9rence des march\u00e9s fermiers 2025"}]},{"@type":"WebSite","@id":"https:\/\/www.nfunb.org\/fr\/#website","url":"https:\/\/www.nfunb.org\/fr\/","name":"National Farmers Union in New Brunswick","description":"Strong Communities. Sound Policies. Sustainable Farms","publisher":{"@id":"https:\/\/www.nfunb.org\/fr\/#organization"},"potentialAction":[{"@type":"SearchAction","target":{"@type":"EntryPoint","urlTemplate":"https:\/\/www.nfunb.org\/fr\/?s={search_term_string}"},"query-input":{"@type":"PropertyValueSpecification","valueRequired":true,"valueName":"search_term_string"}}],"inLanguage":"fr-FR"},{"@type":"Organization","@id":"https:\/\/www.nfunb.org\/fr\/#organization","name":"National Farmers Union in New Brunswick","url":"https:\/\/www.nfunb.org\/fr\/","logo":{"@type":"ImageObject","inLanguage":"fr-FR","@id":"https:\/\/www.nfunb.org\/fr\/#\/schema\/logo\/image\/","url":"https:\/\/www.nfunb.org\/wp-content\/uploads\/2022\/01\/NFU_logo_CircleNB.png","contentUrl":"https:\/\/www.nfunb.org\/wp-content\/uploads\/2022\/01\/NFU_logo_CircleNB.png","width":480,"height":480,"caption":"National Farmers Union in New Brunswick"},"image":{"@id":"https:\/\/www.nfunb.org\/fr\/#\/schema\/logo\/image\/"},"sameAs":["https:\/\/www.facebook.com\/NFUinNB","https:\/\/www.instagram.com\/nfu.unf.nb\/"]}]}},"_links":{"self":[{"href":"https:\/\/www.nfunb.org\/fr\/wp-json\/wp\/v2\/tribe_events\/13739","targetHints":{"allow":["GET"]}}],"collection":[{"href":"https:\/\/www.nfunb.org\/fr\/wp-json\/wp\/v2\/tribe_events"}],"about":[{"href":"https:\/\/www.nfunb.org\/fr\/wp-json\/wp\/v2\/types\/tribe_events"}],"author":[{"embeddable":true,"href":"https:\/\/www.nfunb.org\/fr\/wp-json\/wp\/v2\/users\/2"}],"version-history":[{"count":4,"href":"https:\/\/www.nfunb.org\/fr\/wp-json\/wp\/v2\/tribe_events\/13739\/revisions"}],"predecessor-version":[{"id":13756,"href":"https:\/\/www.nfunb.org\/fr\/wp-json\/wp\/v2\/tribe_events\/13739\/revisions\/13756"}],"wp:featuredmedia":[{"embeddable":true,"href":"https:\/\/www.nfunb.org\/fr\/wp-json\/wp\/v2\/media\/13545"}],"wp:attachment":[{"href":"https:\/\/www.nfunb.org\/fr\/wp-json\/wp\/v2\/media?parent=13739"}],"wp:term":[{"taxonomy":"tribe_events_cat","embeddable":true,"href":"https:\/\/www.nfunb.org\/fr\/wp-json\/wp\/v2\/tribe_events_cat?post=13739"}],"curies":[{"name":"wp","href":"https:\/\/api.w.org\/{rel}","templated":true}]}}